{"id":5318,"date":"2025-06-11T17:28:01","date_gmt":"2025-06-11T17:28:01","guid":{"rendered":"https:\/\/modextrem.com\/blog\/"},"modified":"2026-03-03T11:09:49","modified_gmt":"2026-03-03T11:09:49","slug":"blog","status":"publish","type":"page","link":"https:\/\/modextrem.com\/fr\/blog\/","title":{"rendered":"Blog"},"content":{"rendered":"\t\t<div data-elementor-type=\"wp-page\" data-elementor-id=\"5318\" class=\"elementor elementor-5318 elementor-283\" data-elementor-post-type=\"page\">\n\t\t\t\t<div class=\"elementor-element elementor-element-c33647e e-flex e-con-boxed wpr-particle-no wpr-parallax-no wpr-sticky-section-no wpr-equal-height-no e-con e-parent\" data-id=\"c33647e\" data-element_type=\"container\" data-e-type=\"container\" data-settings=\"{&quot;background_background&quot;:&quot;classic&quot;}\">\n\t\t\t\t\t<div class=\"e-con-inner\">\n\t\t<div class=\"elementor-element elementor-element-c8860ad e-con-full e-flex wpr-particle-no wpr-parallax-no wpr-sticky-section-no wpr-equal-height-no e-con e-child\" data-id=\"c8860ad\" data-element_type=\"container\" data-e-type=\"container\">\n\t\t\t\t<div class=\"elementor-element elementor-element-e6da73d elementor-widget elementor-widget-heading\" data-id=\"e6da73d\" data-element_type=\"widget\" data-e-type=\"widget\" data-widget_type=\"heading.default\">\n\t\t\t\t<div class=\"elementor-widget-container\">\n\t\t\t\t\t<h1 class=\"elementor-heading-title elementor-size-default\">BLOG<\/h1>\t\t\t\t<\/div>\n\t\t\t\t<\/div>\n\t\t\t\t<div class=\"elementor-element elementor-element-7d1ab2a elementor-widget-divider--separator-type-pattern elementor-widget-divider--view-line elementor-widget elementor-widget-divider\" data-id=\"7d1ab2a\" data-element_type=\"widget\" data-e-type=\"widget\" data-widget_type=\"divider.default\">\n\t\t\t\t<div class=\"elementor-widget-container\">\n\t\t\t\t\t\t\t<div class=\"elementor-divider\" style=\"--divider-pattern-url: url(&quot;data:image\/svg+xml,%3Csvg xmlns=&#039;http:\/\/www.w3.org\/2000\/svg&#039; preserveAspectRatio=&#039;none&#039; overflow=&#039;visible&#039; height=&#039;100%&#039; viewBox=&#039;0 0 20 16&#039; fill=&#039;none&#039; stroke=&#039;black&#039; stroke-width=&#039;2&#039; stroke-linecap=&#039;square&#039; stroke-miterlimit=&#039;10&#039;%3E%3Cg transform=&#039;translate(-12.000000, 0)&#039;%3E%3Cpath d=&#039;M28,0L10,18&#039;\/%3E%3Cpath d=&#039;M18,0L0,18&#039;\/%3E%3Cpath d=&#039;M48,0L30,18&#039;\/%3E%3Cpath d=&#039;M38,0L20,18&#039;\/%3E%3C\/g%3E%3C\/svg%3E&quot;);\">\n\t\t\t<span class=\"elementor-divider-separator\">\n\t\t\t\t\t\t<\/span>\n\t\t<\/div>\n\t\t\t\t\t\t<\/div>\n\t\t\t\t<\/div>\n\t\t\t\t<div class=\"elementor-element elementor-element-46d79db elementor-widget elementor-widget-text-editor\" data-id=\"46d79db\" data-element_type=\"widget\" data-e-type=\"widget\" data-widget_type=\"text-editor.default\">\n\t\t\t\t<div class=\"elementor-widget-container\">\n\t\t\t\t\t\t\t\t\t<p>Sur cette page de blog, tu trouveras les contenus les plus r\u00e9cents, des conseils et des guides sur la r\u00e9gion concernant l&rsquo;exp\u00e9rience de <strong data-start=\"205\" data-end=\"233\">parapente \u00e0 U\u00e7makdere<\/strong>. Des informations avant le vol aux beaut\u00e9s naturelles de la r\u00e9gion, nous partageons ici tout ce que tu te demandes.<\/p>\t\t\t\t\t\t\t\t<\/div>\n\t\t\t\t<\/div>\n\t\t\t\t<\/div>\n\t\t\t\t\t<\/div>\n\t\t\t\t<\/div>\n\t\t\t\t<section class=\"elementor-section elementor-top-section elementor-element elementor-element-2b4b1be60 elementor-section-boxed elementor-section-height-default elementor-section-height-default wpr-particle-no wpr-parallax-no wpr-sticky-section-no wpr-equal-height-no\" data-id=\"2b4b1be60\" data-element_type=\"section\" data-e-type=\"section\" data-settings=\"{&quot;background_background&quot;:&quot;classic&quot;}\">\n\t\t\t\t\t\t<div class=\"elementor-container elementor-column-gap-default\">\n\t\t\t\t\t<div class=\"elementor-column elementor-col-100 elementor-top-column elementor-element elementor-element-1847bc9e\" data-id=\"1847bc9e\" data-element_type=\"column\" data-e-type=\"column\">\n\t\t\t<div class=\"elementor-widget-wrap elementor-element-populated\">\n\t\t\t\t\t\t<div class=\"elementor-element elementor-element-16056390 wpr-grid-columns-3 wpr-grid-columns--tablet2 wpr-grid-columns--mobile1 wpr-grid-pagination-center wpr-item-styles-inner elementor-widget elementor-widget-wpr-grid\" data-id=\"16056390\" data-element_type=\"widget\" data-e-type=\"widget\" data-widget_type=\"wpr-grid.default\">\n\t\t\t\t<div class=\"elementor-widget-container\">\n\t\t\t\t\t<ul class=\"wpr-grid-filters elementor-clearfix wpr-grid-filters-sep-right\"><li data-role=\"parent\" class=\" wpr-pointer-none wpr-pointer-line-fx wpr-pointer-fx-fade\"><a class=\" \" href=\"https:\/\/modextrem.com\/fr\/category\/le-parapente\/\" data-filter=\".category-le-parapente\"><i class=\" wpr-grid-filters-icon-left\"><\/i>Le Parapente<\/a><em class=\"wpr-grid-filters-sep\"><\/em><\/li><li class=\" wpr-pointer-none wpr-pointer-line-fx wpr-pointer-fx-fade\"><a class=\" \" href=\"https:\/\/modextrem.com\/fr\/category\/safari-en-quad\/\" data-filter=\".category-safari-en-quad\"><i class=\" wpr-grid-filters-icon-left\"><\/i>Safari en quad<\/a><em class=\"wpr-grid-filters-sep\"><\/em><\/li><li data-role=\"parent\" class=\" wpr-pointer-none wpr-pointer-line-fx wpr-pointer-fx-fade\"><a class=\" \" href=\"https:\/\/modextrem.com\/fr\/category\/tekirdag\/\" data-filter=\".category-tekirdag\"><i class=\" wpr-grid-filters-icon-left\"><\/i>Tekirda\u011f<\/a><em class=\"wpr-grid-filters-sep\"><\/em><\/li><\/ul><section class=\"wpr-grid elementor-clearfix\" data-settings=\"{&quot;layout&quot;:&quot;list&quot;,&quot;stick_last_element_to_bottom&quot;:&quot;no&quot;,&quot;columns_desktop&quot;:&quot;3&quot;,&quot;gutter_hr&quot;:15,&quot;gutter_hr_mobile&quot;:15,&quot;gutter_hr_mobile_extra&quot;:15,&quot;gutter_hr_tablet&quot;:15,&quot;gutter_hr_tablet_extra&quot;:15,&quot;gutter_hr_laptop&quot;:15,&quot;gutter_hr_widescreen&quot;:15,&quot;gutter_vr&quot;:15,&quot;gutter_vr_mobile&quot;:15,&quot;gutter_vr_mobile_extra&quot;:15,&quot;gutter_vr_tablet&quot;:15,&quot;gutter_vr_tablet_extra&quot;:15,&quot;gutter_vr_laptop&quot;:15,&quot;gutter_vr_widescreen&quot;:15,&quot;animation&quot;:&quot;fade&quot;,&quot;animation_duration&quot;:0.4,&quot;animation_delay&quot;:0.2,&quot;deeplinking&quot;:&quot;no&quot;,&quot;filters_linkable&quot;:&quot;yes&quot;,&quot;filters_default_filter&quot;:&quot;&quot;,&quot;filters_count&quot;:&quot;no&quot;,&quot;filters_hide_empty&quot;:&quot;yes&quot;,&quot;filters_animation&quot;:&quot;default&quot;,&quot;filters_animation_duration&quot;:0.4,&quot;filters_animation_delay&quot;:0.2,&quot;pagination_type&quot;:&quot;load-more&quot;,&quot;pagination_max_pages&quot;:1,&quot;media_align&quot;:&quot;left&quot;,&quot;media_width&quot;:30,&quot;media_distance&quot;:20,&quot;lightbox&quot;:{&quot;selector&quot;:&quot;.wpr-grid-image-wrap&quot;,&quot;iframeMaxWidth&quot;:&quot;60%&quot;,&quot;hash&quot;:false,&quot;autoplay&quot;:&quot;true&quot;,&quot;pause&quot;:5000,&quot;progressBar&quot;:&quot;true&quot;,&quot;counter&quot;:&quot;true&quot;,&quot;controls&quot;:&quot;true&quot;,&quot;getCaptionFromTitleOrAlt&quot;:&quot;true&quot;,&quot;thumbnail&quot;:&quot;true&quot;,&quot;showThumbByDefault&quot;:&quot;&quot;,&quot;share&quot;:&quot;true&quot;,&quot;zoom&quot;:&quot;true&quot;,&quot;fullScreen&quot;:&quot;true&quot;,&quot;download&quot;:&quot;true&quot;}}\" data-advanced-filters=\"no\"><article class=\"wpr-grid-item elementor-clearfix post-4870 post type-post status-publish format-standard has-post-thumbnail hentry category-tekirdag category-ucmakdere tag-acces-au-village-ducmakdere tag-acces-ucmakdere tag-comment-aller-a-tekirdag-ucmakdere tag-guide-dacces-ucmakdere tag-guide-de-voyage-ucmakdere tag-horaires-minibus-ucmakdere tag-itineraire-ucmakdere tag-itineraires-ucmakdere tag-minibus-tekirdag-sarkoy-ucmakdere tag-transports-en-commun-ucmakdere\"><div class=\"wpr-grid-item-inner\"><div class=\"wpr-grid-item-above-content elementor-clearfix\"><h2 class=\"wpr-grid-item-title elementor-repeater-item-04b0433 wpr-grid-item-display-block wpr-grid-item-align-left wpr-pointer-none wpr-pointer-line-fx wpr-pointer-fx-slide\"><div class=\"inner-block\"><a target=\"_self\" href=\"https:\/\/modextrem.com\/fr\/acces-a-ucmakdere-itineraire-et-horaires-des-minibus\/\">Acc\u00e8s \u00e0 U\u00e7makdere : Itin\u00e9raire et Horaires des minibus<\/a><\/div><\/h2><\/div><div class=\"wpr-grid-media-wrap wpr-effect-size-medium \" data-overlay-link=\"yes\"><div class=\"wpr-grid-image-wrap\" data-src=\"https:\/\/modextrem.com\/wp-content\/uploads\/elementor\/thumbs\/Tekirdag-Ucmakdere-Yamac-Parasutu-159-rapz2i639o8vzjhx6hzzu7yoidyrwglt0ozvsm2tmw.jpeg\" data-img-on-hover=\"\"  data-src-secondary=\"\"><img decoding=\"async\" data-no-lazy=\"1\" src=\"https:\/\/modextrem.com\/wp-content\/uploads\/elementor\/thumbs\/Tekirdag-Ucmakdere-Yamac-Parasutu-159-rapz2i639o8vzjhx6hzzu7yoidyrwglt0ozvsm2tmw.jpeg\" alt=\"Tekirda\u011f U\u00e7makdere Yol Tarifi Ve Minib\u00fcs Saatleri\" class=\"wpr-anim-timing-ease-default\"><\/div><div class=\"wpr-grid-media-hover wpr-animation-wrap\"><div class=\"wpr-grid-media-hover-bg  wpr-overlay-fade-in wpr-anim-size-large wpr-anim-timing-ease-default wpr-anim-transparency\" data-url=\"https:\/\/modextrem.com\/fr\/acces-a-ucmakdere-itineraire-et-horaires-des-minibus\/\"><\/div><div class=\"wpr-cv-container\"><div class=\"wpr-cv-outer\"><div class=\"wpr-cv-inner\"><div class=\"wpr-grid-media-hover-middle elementor-clearfix\"><div class=\"wpr-grid-item-lightbox elementor-repeater-item-8944abd wpr-grid-item-display-block wpr-grid-item-align-center wpr-element-fade-in wpr-anim-size-large wpr-anim-timing-ease-default wpr-anim-transparency\"><div class=\"inner-block\"><span data-src=\"https:\/\/modextrem.com\/wp-content\/uploads\/2025\/06\/Tekirdag-Ucmakdere-Yamac-Parasutu-159.jpeg\"><i class=\"fas fa-search\"><\/i><\/span><div class=\"wpr-grid-lightbox-overlay\"><\/div><\/div><\/div><\/div><\/div><\/div><\/div><\/div><\/div><div class=\"wpr-grid-item-below-content elementor-clearfix\"><div class=\"wpr-grid-item-excerpt elementor-repeater-item-5241605 wpr-grid-item-display-block wpr-grid-item-align-left\"><div class=\"inner-block\"><p>Pour nos invit\u00e9s souhaitant faire du parapente \u00e0 U\u00e7makdere, l&#039;acc\u00e8s est tr\u00e8s facile. Que tu viennes avec ta propre voiture...<\/p><\/div><\/div><div class=\"wpr-grid-item-read-more elementor-repeater-item-dc1027d wpr-grid-item-display-block wpr-grid-item-align-left\"><div class=\"inner-block\"><a target=\"_self\" href=\"https:\/\/modextrem.com\/fr\/acces-a-ucmakdere-itineraire-et-horaires-des-minibus\/\" class=\"wpr-button-effect wpr-button-none\"><span class=\"wpr-grid-extra-icon-left\"><svg aria-hidden=\"true\" class=\"e-font-icon-svg e-fas-external-link-alt\" viewBox=\"0 0 512 512\" xmlns=\"http:\/\/www.w3.org\/2000\/svg\"><path d=\"M432,320H400a16,16,0,0,0-16,16V448H64V128H208a16,16,0,0,0,16-16V80a16,16,0,0,0-16-16H48A48,48,0,0,0,0,112V464a48,48,0,0,0,48,48H400a48,48,0,0,0,48-48V336A16,16,0,0,0,432,320ZM488,0h-128c-21.37,0-32.05,25.91-17,41l35.73,35.73L135,320.37a24,24,0,0,0,0,34L157.67,377a24,24,0,0,0,34,0L435.28,133.32,471,169c15,15,41,4.5,41-17V24A24,24,0,0,0,488,0Z\"><\/path><\/svg><\/span><span>LIRE LA SUITE<\/span><\/a><\/div><\/div><\/div><\/div><\/article><article class=\"wpr-grid-item elementor-clearfix post-4422 post type-post status-publish format-standard has-post-thumbnail hentry category-tekirdag category-sarkoy-2 tag-camping-avec-wc-et-douches tag-camping-caravane tag-camping-en-bord-de-mer tag-camping-en-caravane tag-camping-facile-dacces tag-camping-familial tag-camping-murefte tag-camping-murefte-2 tag-camping-nature tag-camping-sarkoy tag-camping-sarkoy-murefte tag-camping-sous-tente tag-camping-thrace tag-campings-de-marmara tag-campings-de-sarkoy tag-campings-de-tekirdag tag-parc-de-caravanes tag-site-de-camping-murefte tag-tente-pre-installee\"><div class=\"wpr-grid-item-inner\"><div class=\"wpr-grid-item-above-content elementor-clearfix\"><h2 class=\"wpr-grid-item-title elementor-repeater-item-04b0433 wpr-grid-item-display-block wpr-grid-item-align-left wpr-pointer-none wpr-pointer-line-fx wpr-pointer-fx-slide\"><div class=\"inner-block\"><a target=\"_self\" href=\"https:\/\/modextrem.com\/fr\/camping-sarkoy-murefte\/\">Camping \u015eark\u00f6y M\u00fcrefte<\/a><\/div><\/h2><\/div><div class=\"wpr-grid-media-wrap wpr-effect-size-medium \" data-overlay-link=\"yes\"><div class=\"wpr-grid-image-wrap\" data-src=\"https:\/\/modextrem.com\/wp-content\/uploads\/elementor\/thumbs\/Sarkoy-Murefte-Kamping-2-rhelzif9svxiay6akv555685r71i192dt5wbjgq1zc.png\" data-img-on-hover=\"\"  data-src-secondary=\"\"><img decoding=\"async\" data-no-lazy=\"1\" src=\"https:\/\/modextrem.com\/wp-content\/uploads\/elementor\/thumbs\/Sarkoy-Murefte-Kamping-2-rhelzif9svxiay6akv555685r71i192dt5wbjgq1zc.png\" alt=\"\u015eark\u00f6y M\u00fcrefte Kamping (2)\" class=\"wpr-anim-timing-ease-default\"><\/div><div class=\"wpr-grid-media-hover wpr-animation-wrap\"><div class=\"wpr-grid-media-hover-bg  wpr-overlay-fade-in wpr-anim-size-large wpr-anim-timing-ease-default wpr-anim-transparency\" data-url=\"https:\/\/modextrem.com\/fr\/camping-sarkoy-murefte\/\"><\/div><div class=\"wpr-cv-container\"><div class=\"wpr-cv-outer\"><div class=\"wpr-cv-inner\"><div class=\"wpr-grid-media-hover-middle elementor-clearfix\"><div class=\"wpr-grid-item-lightbox elementor-repeater-item-8944abd wpr-grid-item-display-block wpr-grid-item-align-center wpr-element-fade-in wpr-anim-size-large wpr-anim-timing-ease-default wpr-anim-transparency\"><div class=\"inner-block\"><span data-src=\"https:\/\/modextrem.com\/wp-content\/uploads\/2026\/01\/Sarkoy-Murefte-Kamping-2.png\"><i class=\"fas fa-search\"><\/i><\/span><div class=\"wpr-grid-lightbox-overlay\"><\/div><\/div><\/div><\/div><\/div><\/div><\/div><\/div><\/div><div class=\"wpr-grid-item-below-content elementor-clearfix\"><div class=\"wpr-grid-item-excerpt elementor-repeater-item-5241605 wpr-grid-item-display-block wpr-grid-item-align-left\"><div class=\"inner-block\"><p>Situ\u00e9 dans la r\u00e9gion de M\u00fcrefte, rattach\u00e9e au district de \u015eark\u00f6y \u00e0 Tekirda\u011f, le Camping M\u00fcrefte est un camping bien...<\/p><\/div><\/div><div class=\"wpr-grid-item-read-more elementor-repeater-item-dc1027d wpr-grid-item-display-block wpr-grid-item-align-left\"><div class=\"inner-block\"><a target=\"_self\" href=\"https:\/\/modextrem.com\/fr\/camping-sarkoy-murefte\/\" class=\"wpr-button-effect wpr-button-none\"><span class=\"wpr-grid-extra-icon-left\"><svg aria-hidden=\"true\" class=\"e-font-icon-svg e-fas-external-link-alt\" viewBox=\"0 0 512 512\" xmlns=\"http:\/\/www.w3.org\/2000\/svg\"><path d=\"M432,320H400a16,16,0,0,0-16,16V448H64V128H208a16,16,0,0,0,16-16V80a16,16,0,0,0-16-16H48A48,48,0,0,0,0,112V464a48,48,0,0,0,48,48H400a48,48,0,0,0,48-48V336A16,16,0,0,0,432,320ZM488,0h-128c-21.37,0-32.05,25.91-17,41l35.73,35.73L135,320.37a24,24,0,0,0,0,34L157.67,377a24,24,0,0,0,34,0L435.28,133.32,471,169c15,15,41,4.5,41-17V24A24,24,0,0,0,488,0Z\"><\/path><\/svg><\/span><span>LIRE LA SUITE<\/span><\/a><\/div><\/div><\/div><\/div><\/article><article class=\"wpr-grid-item elementor-clearfix post-4068 post type-post status-publish format-standard has-post-thumbnail hentry category-le-parapente category-informations-generales-sur-le-parapente tag-atterrissage-securise-en-parapente tag-comment-decoller-en-parapente tag-comment-se-deroule-latterrissage-en-parapente tag-decollage-en-parapente-biplace tag-decollage-et-atterrissage-en-parapente tag-decollage-securise-en-parapente tag-etapes-de-vol-en-parapente tag-formation-parapente tag-processus-de-vol-en-parapente tag-techniques-datterrissage-en-parapente\"><div class=\"wpr-grid-item-inner\"><div class=\"wpr-grid-item-above-content elementor-clearfix\"><h2 class=\"wpr-grid-item-title elementor-repeater-item-04b0433 wpr-grid-item-display-block wpr-grid-item-align-left wpr-pointer-none wpr-pointer-line-fx wpr-pointer-fx-slide\"><div class=\"inner-block\"><a target=\"_self\" href=\"https:\/\/modextrem.com\/fr\/comment-se-deroulent-le-decollage-et-latterrissage-en-parapente\/\">Comment se d\u00e9roulent le d\u00e9collage et l&rsquo;atterrissage en parapente ?<\/a><\/div><\/h2><\/div><div class=\"wpr-grid-media-wrap wpr-effect-size-medium \" data-overlay-link=\"yes\"><div class=\"wpr-grid-image-wrap\" data-src=\"https:\/\/modextrem.com\/wp-content\/uploads\/elementor\/thumbs\/Tekirdag-Ucmakdere-Yamac-Parasutu-726-scaled-ra4cl7w1d5qrxdse5wzbdsyhnd14ex5xker3o9g5fs.jpg\" data-img-on-hover=\"\"  data-src-secondary=\"\"><img decoding=\"async\" data-no-lazy=\"1\" src=\"https:\/\/modextrem.com\/wp-content\/uploads\/elementor\/thumbs\/Tekirdag-Ucmakdere-Yamac-Parasutu-726-scaled-ra4cl7w1d5qrxdse5wzbdsyhnd14ex5xker3o9g5fs.jpg\" alt=\"Tekirda\u011f U\u00e7makdere Yama\u00e7 Para\u015f\u00fct\u00fc Kalk\u0131\u015f An\u0131\" class=\"wpr-anim-timing-ease-default\"><\/div><div class=\"wpr-grid-media-hover wpr-animation-wrap\"><div class=\"wpr-grid-media-hover-bg  wpr-overlay-fade-in wpr-anim-size-large wpr-anim-timing-ease-default wpr-anim-transparency\" data-url=\"https:\/\/modextrem.com\/fr\/comment-se-deroulent-le-decollage-et-latterrissage-en-parapente\/\"><\/div><div class=\"wpr-cv-container\"><div class=\"wpr-cv-outer\"><div class=\"wpr-cv-inner\"><div class=\"wpr-grid-media-hover-middle elementor-clearfix\"><div class=\"wpr-grid-item-lightbox elementor-repeater-item-8944abd wpr-grid-item-display-block wpr-grid-item-align-center wpr-element-fade-in wpr-anim-size-large wpr-anim-timing-ease-default wpr-anim-transparency\"><div class=\"inner-block\"><span data-src=\"https:\/\/modextrem.com\/wp-content\/uploads\/2025\/06\/Tekirdag-Ucmakdere-Yamac-Parasutu-726-scaled.jpg\"><i class=\"fas fa-search\"><\/i><\/span><div class=\"wpr-grid-lightbox-overlay\"><\/div><\/div><\/div><\/div><\/div><\/div><\/div><\/div><\/div><div class=\"wpr-grid-item-below-content elementor-clearfix\"><div class=\"wpr-grid-item-excerpt elementor-repeater-item-5241605 wpr-grid-item-display-block wpr-grid-item-align-left\"><div class=\"inner-block\"><p>L&#039;une des questions les plus fr\u00e9quentes pour ceux qui envisagent de faire du parapente concerne le processus de d\u00e9collage et...<\/p><\/div><\/div><div class=\"wpr-grid-item-read-more elementor-repeater-item-dc1027d wpr-grid-item-display-block wpr-grid-item-align-left\"><div class=\"inner-block\"><a target=\"_self\" href=\"https:\/\/modextrem.com\/fr\/comment-se-deroulent-le-decollage-et-latterrissage-en-parapente\/\" class=\"wpr-button-effect wpr-button-none\"><span class=\"wpr-grid-extra-icon-left\"><svg aria-hidden=\"true\" class=\"e-font-icon-svg e-fas-external-link-alt\" viewBox=\"0 0 512 512\" xmlns=\"http:\/\/www.w3.org\/2000\/svg\"><path d=\"M432,320H400a16,16,0,0,0-16,16V448H64V128H208a16,16,0,0,0,16-16V80a16,16,0,0,0-16-16H48A48,48,0,0,0,0,112V464a48,48,0,0,0,48,48H400a48,48,0,0,0,48-48V336A16,16,0,0,0,432,320ZM488,0h-128c-21.37,0-32.05,25.91-17,41l35.73,35.73L135,320.37a24,24,0,0,0,0,34L157.67,377a24,24,0,0,0,34,0L435.28,133.32,471,169c15,15,41,4.5,41-17V24A24,24,0,0,0,488,0Z\"><\/path><\/svg><\/span><span>LIRE LA SUITE<\/span><\/a><\/div><\/div><\/div><\/div><\/article><article class=\"wpr-grid-item elementor-clearfix post-4394 post type-post status-publish format-standard has-post-thumbnail hentry category-tekirdag tag-camping-a-la-crique-de-dut-limani tag-crique-de-dut-limani tag-crique-de-dut-limani-tekirdag tag-criques-ducmakdere tag-dut-limani-ucmakdere tag-mer-de-la-crique-de-dut-limani\"><div class=\"wpr-grid-item-inner\"><div class=\"wpr-grid-item-above-content elementor-clearfix\"><h2 class=\"wpr-grid-item-title elementor-repeater-item-04b0433 wpr-grid-item-display-block wpr-grid-item-align-left wpr-pointer-none wpr-pointer-line-fx wpr-pointer-fx-slide\"><div class=\"inner-block\"><a target=\"_self\" href=\"https:\/\/modextrem.com\/fr\/crique-de-dut-limani-tekirdag\/\">Crique de Dut Liman\u0131, Tekirda\u011f<\/a><\/div><\/h2><\/div><div class=\"wpr-grid-media-wrap wpr-effect-size-medium \" data-overlay-link=\"yes\"><div class=\"wpr-grid-image-wrap\" data-src=\"https:\/\/modextrem.com\/wp-content\/uploads\/elementor\/thumbs\/Dut-limani-koyu-8-scaled-rhdcgeh22e42md2mtumqmaodxc06ecwwsbnrbx1qbs.jpg\" data-img-on-hover=\"\"  data-src-secondary=\"\"><img decoding=\"async\" data-no-lazy=\"1\" src=\"https:\/\/modextrem.com\/wp-content\/uploads\/elementor\/thumbs\/Dut-limani-koyu-8-scaled-rhdcgeh22e42md2mtumqmaodxc06ecwwsbnrbx1qbs.jpg\" alt=\"Dut liman\u0131 koyu\" class=\"wpr-anim-timing-ease-default\"><\/div><div class=\"wpr-grid-media-hover wpr-animation-wrap\"><div class=\"wpr-grid-media-hover-bg  wpr-overlay-fade-in wpr-anim-size-large wpr-anim-timing-ease-default wpr-anim-transparency\" data-url=\"https:\/\/modextrem.com\/fr\/crique-de-dut-limani-tekirdag\/\"><\/div><div class=\"wpr-cv-container\"><div class=\"wpr-cv-outer\"><div class=\"wpr-cv-inner\"><div class=\"wpr-grid-media-hover-middle elementor-clearfix\"><div class=\"wpr-grid-item-lightbox elementor-repeater-item-8944abd wpr-grid-item-display-block wpr-grid-item-align-center wpr-element-fade-in wpr-anim-size-large wpr-anim-timing-ease-default wpr-anim-transparency\"><div class=\"inner-block\"><span data-src=\"https:\/\/modextrem.com\/wp-content\/uploads\/2026\/01\/Dut-limani-koyu-8-scaled.jpg\"><i class=\"fas fa-search\"><\/i><\/span><div class=\"wpr-grid-lightbox-overlay\"><\/div><\/div><\/div><\/div><\/div><\/div><\/div><\/div><\/div><div class=\"wpr-grid-item-below-content elementor-clearfix\"><div class=\"wpr-grid-item-excerpt elementor-repeater-item-5241605 wpr-grid-item-display-block wpr-grid-item-align-left\"><div class=\"inner-block\"><p>La crique de Dut Liman\u0131 est situ\u00e9e dans les limites de Kumbag, un quartier de S\u00fcleymanpa\u015fa \u00e0 Tekirda\u011f. Donnant sur...<\/p><\/div><\/div><div class=\"wpr-grid-item-read-more elementor-repeater-item-dc1027d wpr-grid-item-display-block wpr-grid-item-align-left\"><div class=\"inner-block\"><a target=\"_self\" href=\"https:\/\/modextrem.com\/fr\/crique-de-dut-limani-tekirdag\/\" class=\"wpr-button-effect wpr-button-none\"><span class=\"wpr-grid-extra-icon-left\"><svg aria-hidden=\"true\" class=\"e-font-icon-svg e-fas-external-link-alt\" viewBox=\"0 0 512 512\" xmlns=\"http:\/\/www.w3.org\/2000\/svg\"><path d=\"M432,320H400a16,16,0,0,0-16,16V448H64V128H208a16,16,0,0,0,16-16V80a16,16,0,0,0-16-16H48A48,48,0,0,0,0,112V464a48,48,0,0,0,48,48H400a48,48,0,0,0,48-48V336A16,16,0,0,0,432,320ZM488,0h-128c-21.37,0-32.05,25.91-17,41l35.73,35.73L135,320.37a24,24,0,0,0,0,34L157.67,377a24,24,0,0,0,34,0L435.28,133.32,471,169c15,15,41,4.5,41-17V24A24,24,0,0,0,488,0Z\"><\/path><\/svg><\/span><span>LIRE LA SUITE<\/span><\/a><\/div><\/div><\/div><\/div><\/article><article class=\"wpr-grid-item elementor-clearfix post-3749 post type-post status-publish format-standard has-post-thumbnail hentry category-le-parapente category-parapente-a-ucmakdere tag-entreprises-de-parapente-ucmakdere tag-entreprises-de-parapente-ucmakdere-2 tag-entreprises-proposant-des-services-de-parapente-a-ucmakdere-parapente-ucmakdere tag-experience-parapente-ucmakdere tag-parapente-tekirdag tag-prix-du-parapente tag-sport-extreme-ucmakdere tag-sports-aeriens-ucmakdere tag-vol-en-tandem-ucmakdere\"><div class=\"wpr-grid-item-inner\"><div class=\"wpr-grid-item-above-content elementor-clearfix\"><h2 class=\"wpr-grid-item-title elementor-repeater-item-04b0433 wpr-grid-item-display-block wpr-grid-item-align-left wpr-pointer-none wpr-pointer-line-fx wpr-pointer-fx-slide\"><div class=\"inner-block\"><a target=\"_self\" href=\"https:\/\/modextrem.com\/fr\/entreprises-proposant-des-services-de-parapente-a-ucmakdere\/\">Entreprises proposant des services de parapente \u00e0 U\u00e7makdere<\/a><\/div><\/h2><\/div><div class=\"wpr-grid-media-wrap wpr-effect-size-medium \" data-overlay-link=\"yes\"><div class=\"wpr-grid-image-wrap\" data-src=\"https:\/\/modextrem.com\/wp-content\/uploads\/elementor\/thumbs\/Yamac-Parasutu-7-ra4cl9rpqttcklpnuxskisheu4ruubde8o22mtdd3c.png\" data-img-on-hover=\"\"  data-src-secondary=\"\"><img decoding=\"async\" data-no-lazy=\"1\" src=\"https:\/\/modextrem.com\/wp-content\/uploads\/elementor\/thumbs\/Yamac-Parasutu-7-ra4cl9rpqttcklpnuxskisheu4ruubde8o22mtdd3c.png\" alt=\"U\u00e7makdere&#039;de Yama\u00e7 Para\u015f\u00fct\u00fc\nHizmeti Veren Firmalar\u0131n listesi\" class=\"wpr-anim-timing-ease-default\"><\/div><div class=\"wpr-grid-media-hover wpr-animation-wrap\"><div class=\"wpr-grid-media-hover-bg  wpr-overlay-fade-in wpr-anim-size-large wpr-anim-timing-ease-default wpr-anim-transparency\" data-url=\"https:\/\/modextrem.com\/fr\/entreprises-proposant-des-services-de-parapente-a-ucmakdere\/\"><\/div><div class=\"wpr-cv-container\"><div class=\"wpr-cv-outer\"><div class=\"wpr-cv-inner\"><div class=\"wpr-grid-media-hover-middle elementor-clearfix\"><div class=\"wpr-grid-item-lightbox elementor-repeater-item-8944abd wpr-grid-item-display-block wpr-grid-item-align-center wpr-element-fade-in wpr-anim-size-large wpr-anim-timing-ease-default wpr-anim-transparency\"><div class=\"inner-block\"><span data-src=\"https:\/\/modextrem.com\/wp-content\/uploads\/2025\/06\/Yamac-Parasutu-7.png\"><i class=\"fas fa-search\"><\/i><\/span><div class=\"wpr-grid-lightbox-overlay\"><\/div><\/div><\/div><\/div><\/div><\/div><\/div><\/div><\/div><div class=\"wpr-grid-item-below-content elementor-clearfix\"><div class=\"wpr-grid-item-excerpt elementor-repeater-item-5241605 wpr-grid-item-display-block wpr-grid-item-align-left\"><div class=\"inner-block\"><p>U\u00e7makdere, Tekirda\u011f, est l&#039;une des destinations les plus populaires de Turquie pour les amateurs de parapente. Avec ses magnifiques montagnes...<\/p><\/div><\/div><div class=\"wpr-grid-item-read-more elementor-repeater-item-dc1027d wpr-grid-item-display-block wpr-grid-item-align-left\"><div class=\"inner-block\"><a target=\"_self\" href=\"https:\/\/modextrem.com\/fr\/entreprises-proposant-des-services-de-parapente-a-ucmakdere\/\" class=\"wpr-button-effect wpr-button-none\"><span class=\"wpr-grid-extra-icon-left\"><svg aria-hidden=\"true\" class=\"e-font-icon-svg e-fas-external-link-alt\" viewBox=\"0 0 512 512\" xmlns=\"http:\/\/www.w3.org\/2000\/svg\"><path d=\"M432,320H400a16,16,0,0,0-16,16V448H64V128H208a16,16,0,0,0,16-16V80a16,16,0,0,0-16-16H48A48,48,0,0,0,0,112V464a48,48,0,0,0,48,48H400a48,48,0,0,0,48-48V336A16,16,0,0,0,432,320ZM488,0h-128c-21.37,0-32.05,25.91-17,41l35.73,35.73L135,320.37a24,24,0,0,0,0,34L157.67,377a24,24,0,0,0,34,0L435.28,133.32,471,169c15,15,41,4.5,41-17V24A24,24,0,0,0,488,0Z\"><\/path><\/svg><\/span><span>LIRE LA SUITE<\/span><\/a><\/div><\/div><\/div><\/div><\/article><article class=\"wpr-grid-item elementor-clearfix post-3925 post type-post status-publish format-standard has-post-thumbnail hentry category-le-parapente category-informations-generales-sur-le-parapente tag-conditions-hivernales-parapente tag-conditions-meteorologiques-parapente tag-parapente-biplace-en-hiver tag-parapente-quatre-saisons tag-peut-on-faire-du-parapente-en-hiver tag-quand-faire-du-parapente tag-saison-de-parapente tag-saison-de-vol-en-parapente tag-vol-en-parapente-toute-lannee tag-vols-en-parapente-en-hiver\"><div class=\"wpr-grid-item-inner\"><div class=\"wpr-grid-item-above-content elementor-clearfix\"><h2 class=\"wpr-grid-item-title elementor-repeater-item-04b0433 wpr-grid-item-display-block wpr-grid-item-align-left wpr-pointer-none wpr-pointer-line-fx wpr-pointer-fx-slide\"><div class=\"inner-block\"><a target=\"_self\" href=\"https:\/\/modextrem.com\/fr\/est-il-possible-de-voler-en-hiver-saison-de-parapente\/\">Est-il possible de voler en hiver ? Saison de Parapente !<\/a><\/div><\/h2><\/div><div class=\"wpr-grid-media-wrap wpr-effect-size-medium \" data-overlay-link=\"yes\"><div class=\"wpr-grid-image-wrap\" data-src=\"https:\/\/modextrem.com\/wp-content\/uploads\/elementor\/thumbs\/Yamac-Parasutu-19-ra4clbne4hvx7tmxjyltns0c0wil9pkuwxd1ldakqw.jpg\" data-img-on-hover=\"\"  data-src-secondary=\"\"><img decoding=\"async\" data-no-lazy=\"1\" src=\"https:\/\/modextrem.com\/wp-content\/uploads\/elementor\/thumbs\/Yamac-Parasutu-19-ra4clbne4hvx7tmxjyltns0c0wil9pkuwxd1ldakqw.jpg\" alt=\"U\u00e7makdere Yama\u00e7 Para\u015f\u00fct\u00fc Sezonu k\u0131\u015f\u0131n u\u00e7u\u015f\" class=\"wpr-anim-timing-ease-default\"><\/div><div class=\"wpr-grid-media-hover wpr-animation-wrap\"><div class=\"wpr-grid-media-hover-bg  wpr-overlay-fade-in wpr-anim-size-large wpr-anim-timing-ease-default wpr-anim-transparency\" data-url=\"https:\/\/modextrem.com\/fr\/est-il-possible-de-voler-en-hiver-saison-de-parapente\/\"><\/div><div class=\"wpr-cv-container\"><div class=\"wpr-cv-outer\"><div class=\"wpr-cv-inner\"><div class=\"wpr-grid-media-hover-middle elementor-clearfix\"><div class=\"wpr-grid-item-lightbox elementor-repeater-item-8944abd wpr-grid-item-display-block wpr-grid-item-align-center wpr-element-fade-in wpr-anim-size-large wpr-anim-timing-ease-default wpr-anim-transparency\"><div class=\"inner-block\"><span data-src=\"https:\/\/modextrem.com\/wp-content\/uploads\/2025\/06\/Yamac-Parasutu-19.jpg\"><i class=\"fas fa-search\"><\/i><\/span><div class=\"wpr-grid-lightbox-overlay\"><\/div><\/div><\/div><\/div><\/div><\/div><\/div><\/div><\/div><div class=\"wpr-grid-item-below-content elementor-clearfix\"><div class=\"wpr-grid-item-excerpt elementor-repeater-item-5241605 wpr-grid-item-display-block wpr-grid-item-align-left\"><div class=\"inner-block\"><p>Quand on parle de parapente, on pense g\u00e9n\u00e9ralement aux mois d&#039;\u00e9t\u00e9. Cependant, ce sport peut \u00eatre pratiqu\u00e9 \u00e0 tout moment...<\/p><\/div><\/div><div class=\"wpr-grid-item-read-more elementor-repeater-item-dc1027d wpr-grid-item-display-block wpr-grid-item-align-left\"><div class=\"inner-block\"><a target=\"_self\" href=\"https:\/\/modextrem.com\/fr\/est-il-possible-de-voler-en-hiver-saison-de-parapente\/\" class=\"wpr-button-effect wpr-button-none\"><span class=\"wpr-grid-extra-icon-left\"><svg aria-hidden=\"true\" class=\"e-font-icon-svg e-fas-external-link-alt\" viewBox=\"0 0 512 512\" xmlns=\"http:\/\/www.w3.org\/2000\/svg\"><path d=\"M432,320H400a16,16,0,0,0-16,16V448H64V128H208a16,16,0,0,0,16-16V80a16,16,0,0,0-16-16H48A48,48,0,0,0,0,112V464a48,48,0,0,0,48,48H400a48,48,0,0,0,48-48V336A16,16,0,0,0,432,320ZM488,0h-128c-21.37,0-32.05,25.91-17,41l35.73,35.73L135,320.37a24,24,0,0,0,0,34L157.67,377a24,24,0,0,0,34,0L435.28,133.32,471,169c15,15,41,4.5,41-17V24A24,24,0,0,0,488,0Z\"><\/path><\/svg><\/span><span>LIRE LA SUITE<\/span><\/a><\/div><\/div><\/div><\/div><\/article><article class=\"wpr-grid-item elementor-clearfix post-3778 post type-post status-publish format-standard has-post-thumbnail hentry category-le-parapente category-formation-de-parapente tag-cours-de-parapente-ucmakdere tag-ecole-de-parapente-ucmakdere tag-formation-initiale-parapente tag-formation-parapente-tekirdag-2 tag-formation-parapente-tekirdag tag-formation-parapente-tekirdag-ucmakdere tag-formation-pilote-parapente tag-formation-sports-aeriens-ucmakdere tag-formation-sports-extremes-ucmakdere tag-formation-ucmakdere-p2-p3\"><div class=\"wpr-grid-item-inner\"><div class=\"wpr-grid-item-above-content elementor-clearfix\"><h2 class=\"wpr-grid-item-title elementor-repeater-item-04b0433 wpr-grid-item-display-block wpr-grid-item-align-left wpr-pointer-none wpr-pointer-line-fx wpr-pointer-fx-slide\"><div class=\"inner-block\"><a target=\"_self\" href=\"https:\/\/modextrem.com\/fr\/formation-de-parapente-a-tekirdag-ucmakdere\/\">Formation de parapente \u00e0 Tekirda\u011f U\u00e7makdere<\/a><\/div><\/h2><\/div><div class=\"wpr-grid-media-wrap wpr-effect-size-medium \" data-overlay-link=\"yes\"><div class=\"wpr-grid-image-wrap\" data-src=\"https:\/\/modextrem.com\/wp-content\/uploads\/elementor\/thumbs\/Yamac-Parasutu-26-ra4clegwozzs6niu3htpd9apt24owsw1xbbi176e88.jpg\" data-img-on-hover=\"\"  data-src-secondary=\"\"><img decoding=\"async\" data-no-lazy=\"1\" src=\"https:\/\/modextrem.com\/wp-content\/uploads\/elementor\/thumbs\/Yamac-Parasutu-26-ra4clegwozzs6niu3htpd9apt24owsw1xbbi176e88.jpg\" alt=\"Yama\u00e7 Para\u015f\u00fct\u00fc (26)\" class=\"wpr-anim-timing-ease-default\"><\/div><div class=\"wpr-grid-media-hover wpr-animation-wrap\"><div class=\"wpr-grid-media-hover-bg  wpr-overlay-fade-in wpr-anim-size-large wpr-anim-timing-ease-default wpr-anim-transparency\" data-url=\"https:\/\/modextrem.com\/fr\/formation-de-parapente-a-tekirdag-ucmakdere\/\"><\/div><div class=\"wpr-cv-container\"><div class=\"wpr-cv-outer\"><div class=\"wpr-cv-inner\"><div class=\"wpr-grid-media-hover-middle elementor-clearfix\"><div class=\"wpr-grid-item-lightbox elementor-repeater-item-8944abd wpr-grid-item-display-block wpr-grid-item-align-center wpr-element-fade-in wpr-anim-size-large wpr-anim-timing-ease-default wpr-anim-transparency\"><div class=\"inner-block\"><span data-src=\"https:\/\/modextrem.com\/wp-content\/uploads\/2025\/06\/Yamac-Parasutu-26.jpg\"><i class=\"fas fa-search\"><\/i><\/span><div class=\"wpr-grid-lightbox-overlay\"><\/div><\/div><\/div><\/div><\/div><\/div><\/div><\/div><\/div><div class=\"wpr-grid-item-below-content elementor-clearfix\"><div class=\"wpr-grid-item-excerpt elementor-repeater-item-5241605 wpr-grid-item-display-block wpr-grid-item-align-left\"><div class=\"inner-block\"><p>Votre premi\u00e8re porte vers le ciel : un processus de formation s\u00fbr, professionnel et plein d&#039;excitation S&#039;envoler dans le ciel...<\/p><\/div><\/div><div class=\"wpr-grid-item-read-more elementor-repeater-item-dc1027d wpr-grid-item-display-block wpr-grid-item-align-left\"><div class=\"inner-block\"><a target=\"_self\" href=\"https:\/\/modextrem.com\/fr\/formation-de-parapente-a-tekirdag-ucmakdere\/\" class=\"wpr-button-effect wpr-button-none\"><span class=\"wpr-grid-extra-icon-left\"><svg aria-hidden=\"true\" class=\"e-font-icon-svg e-fas-external-link-alt\" viewBox=\"0 0 512 512\" xmlns=\"http:\/\/www.w3.org\/2000\/svg\"><path d=\"M432,320H400a16,16,0,0,0-16,16V448H64V128H208a16,16,0,0,0,16-16V80a16,16,0,0,0-16-16H48A48,48,0,0,0,0,112V464a48,48,0,0,0,48,48H400a48,48,0,0,0,48-48V336A16,16,0,0,0,432,320ZM488,0h-128c-21.37,0-32.05,25.91-17,41l35.73,35.73L135,320.37a24,24,0,0,0,0,34L157.67,377a24,24,0,0,0,34,0L435.28,133.32,471,169c15,15,41,4.5,41-17V24A24,24,0,0,0,488,0Z\"><\/path><\/svg><\/span><span>LIRE LA SUITE<\/span><\/a><\/div><\/div><\/div><\/div><\/article><article class=\"wpr-grid-item elementor-clearfix post-3973 post type-post status-publish format-standard has-post-thumbnail hentry category-le-parapente category-formation-de-parapente tag-camp-dentrainement-de-parapente tag-developpement-du-pilote-de-parapente tag-formation-avancee-de-parapente tag-formation-certifiee-de-parapente tag-formation-durgence-parapente tag-formation-de-securite-parapente tag-formation-siv-de-parapente tag-manoeuvres-siv tag-quest-ce-que-la-formation-siv tag-techniques-de-controle-de-parapente\"><div class=\"wpr-grid-item-inner\"><div class=\"wpr-grid-item-above-content elementor-clearfix\"><h2 class=\"wpr-grid-item-title elementor-repeater-item-04b0433 wpr-grid-item-display-block wpr-grid-item-align-left wpr-pointer-none wpr-pointer-line-fx wpr-pointer-fx-slide\"><div class=\"inner-block\"><a target=\"_self\" href=\"https:\/\/modextrem.com\/fr\/formation-siv-de-parapente\/\">Formation SIV de parapente<\/a><\/div><\/h2><\/div><div class=\"wpr-grid-media-wrap wpr-effect-size-medium \" data-overlay-link=\"yes\"><div class=\"wpr-grid-image-wrap\" data-src=\"https:\/\/modextrem.com\/wp-content\/uploads\/elementor\/thumbs\/Full-Stall-1250-ra4cldj2i5yhv1k78zf2srj97o9bp3sbl6o0jx7seg.jpg\" data-img-on-hover=\"\"  data-src-secondary=\"\"><img decoding=\"async\" data-no-lazy=\"1\" src=\"https:\/\/modextrem.com\/wp-content\/uploads\/elementor\/thumbs\/Full-Stall-1250-ra4cldj2i5yhv1k78zf2srj97o9bp3sbl6o0jx7seg.jpg\" alt=\"Yama\u00e7 Para\u015f\u00fct\u00fc S\u0131v Egitimi full stoll\" class=\"wpr-anim-timing-ease-default\"><\/div><div class=\"wpr-grid-media-hover wpr-animation-wrap\"><div class=\"wpr-grid-media-hover-bg  wpr-overlay-fade-in wpr-anim-size-large wpr-anim-timing-ease-default wpr-anim-transparency\" data-url=\"https:\/\/modextrem.com\/fr\/formation-siv-de-parapente\/\"><\/div><div class=\"wpr-cv-container\"><div class=\"wpr-cv-outer\"><div class=\"wpr-cv-inner\"><div class=\"wpr-grid-media-hover-middle elementor-clearfix\"><div class=\"wpr-grid-item-lightbox elementor-repeater-item-8944abd wpr-grid-item-display-block wpr-grid-item-align-center wpr-element-fade-in wpr-anim-size-large wpr-anim-timing-ease-default wpr-anim-transparency\"><div class=\"inner-block\"><span data-src=\"https:\/\/modextrem.com\/wp-content\/uploads\/2025\/06\/Full-Stall-1250.jpg\"><i class=\"fas fa-search\"><\/i><\/span><div class=\"wpr-grid-lightbox-overlay\"><\/div><\/div><\/div><\/div><\/div><\/div><\/div><\/div><\/div><div class=\"wpr-grid-item-below-content elementor-clearfix\"><div class=\"wpr-grid-item-excerpt elementor-repeater-item-5241605 wpr-grid-item-display-block wpr-grid-item-align-left\"><div class=\"inner-block\"><p>Le parapente offre une exp\u00e9rience unique \u00e0 ceux qui souhaitent atteindre le sommet de la libert\u00e9 et de l&#039;adr\u00e9naline. Pour...<\/p><\/div><\/div><div class=\"wpr-grid-item-read-more elementor-repeater-item-dc1027d wpr-grid-item-display-block wpr-grid-item-align-left\"><div class=\"inner-block\"><a target=\"_self\" href=\"https:\/\/modextrem.com\/fr\/formation-siv-de-parapente\/\" class=\"wpr-button-effect wpr-button-none\"><span class=\"wpr-grid-extra-icon-left\"><svg aria-hidden=\"true\" class=\"e-font-icon-svg e-fas-external-link-alt\" viewBox=\"0 0 512 512\" xmlns=\"http:\/\/www.w3.org\/2000\/svg\"><path d=\"M432,320H400a16,16,0,0,0-16,16V448H64V128H208a16,16,0,0,0,16-16V80a16,16,0,0,0-16-16H48A48,48,0,0,0,0,112V464a48,48,0,0,0,48,48H400a48,48,0,0,0,48-48V336A16,16,0,0,0,432,320ZM488,0h-128c-21.37,0-32.05,25.91-17,41l35.73,35.73L135,320.37a24,24,0,0,0,0,34L157.67,377a24,24,0,0,0,34,0L435.28,133.32,471,169c15,15,41,4.5,41-17V24A24,24,0,0,0,488,0Z\"><\/path><\/svg><\/span><span>LIRE LA SUITE<\/span><\/a><\/div><\/div><\/div><\/div><\/article><article class=\"wpr-grid-item elementor-clearfix post-3816 post type-post status-publish format-standard has-post-thumbnail hentry category-tekirdag category-ucmakdere tag-aires-de-camping-ucmakdere tag-bungalow-ucmakdere tag-camping-et-hebergement-ucmakdere tag-camping-plage-ucmakdere tag-camping-ucmakdere tag-conseils-de-voyage-ucmakdere tag-glamping-ucmakdere tag-guide-de-camping-ucmakdere tag-hebergement-ucmakdere tag-hebergement-ucmakdere-tekirdag tag-hebergement-vacances-ucmakdere tag-hotels-ucmakdere tag-lieux-de-camping-ucmakdere tag-pensions-ucmakdere\"><div class=\"wpr-grid-item-inner\"><div class=\"wpr-grid-item-above-content elementor-clearfix\"><h2 class=\"wpr-grid-item-title elementor-repeater-item-04b0433 wpr-grid-item-display-block wpr-grid-item-align-left wpr-pointer-none wpr-pointer-line-fx wpr-pointer-fx-slide\"><div class=\"inner-block\"><a target=\"_self\" href=\"https:\/\/modextrem.com\/fr\/hebergement-et-camping-a-ucmakdere\/\">H\u00e9bergement et camping \u00e0 U\u00e7makdere<\/a><\/div><\/h2><\/div><div class=\"wpr-grid-media-wrap wpr-effect-size-medium \" data-overlay-link=\"yes\"><div class=\"wpr-grid-image-wrap\" data-src=\"https:\/\/modextrem.com\/wp-content\/uploads\/elementor\/thumbs\/pexels-photo-271639-271639-scaled-ra4clapjxnumw7oapg773a8vfin820h4kspk43byx4.jpg\" data-img-on-hover=\"\"  data-src-secondary=\"\"><img decoding=\"async\" data-no-lazy=\"1\" src=\"https:\/\/modextrem.com\/wp-content\/uploads\/elementor\/thumbs\/pexels-photo-271639-271639-scaled-ra4clapjxnumw7oapg773a8vfin820h4kspk43byx4.jpg\" alt=\"Tekirda\u011f U\u00e7makderede otel konaklama kamp  da\u011f evi bongalow\" class=\"wpr-anim-timing-ease-default\"><\/div><div class=\"wpr-grid-media-hover wpr-animation-wrap\"><div class=\"wpr-grid-media-hover-bg  wpr-overlay-fade-in wpr-anim-size-large wpr-anim-timing-ease-default wpr-anim-transparency\" data-url=\"https:\/\/modextrem.com\/fr\/hebergement-et-camping-a-ucmakdere\/\"><\/div><div class=\"wpr-cv-container\"><div class=\"wpr-cv-outer\"><div class=\"wpr-cv-inner\"><div class=\"wpr-grid-media-hover-middle elementor-clearfix\"><div class=\"wpr-grid-item-lightbox elementor-repeater-item-8944abd wpr-grid-item-display-block wpr-grid-item-align-center wpr-element-fade-in wpr-anim-size-large wpr-anim-timing-ease-default wpr-anim-transparency\"><div class=\"inner-block\"><span data-src=\"https:\/\/modextrem.com\/wp-content\/uploads\/2025\/06\/pexels-photo-271639-271639-scaled.jpg\"><i class=\"fas fa-search\"><\/i><\/span><div class=\"wpr-grid-lightbox-overlay\"><\/div><\/div><\/div><\/div><\/div><\/div><\/div><\/div><\/div><div class=\"wpr-grid-item-below-content elementor-clearfix\"><div class=\"wpr-grid-item-excerpt elementor-repeater-item-5241605 wpr-grid-item-display-block wpr-grid-item-align-left\"><div class=\"inner-block\"><p>Suggestions confortables pour les amateurs de parapente, de nature et de camping U\u00e7makdere se distingue non seulement par le parapente,...<\/p><\/div><\/div><div class=\"wpr-grid-item-read-more elementor-repeater-item-dc1027d wpr-grid-item-display-block wpr-grid-item-align-left\"><div class=\"inner-block\"><a target=\"_self\" href=\"https:\/\/modextrem.com\/fr\/hebergement-et-camping-a-ucmakdere\/\" class=\"wpr-button-effect wpr-button-none\"><span class=\"wpr-grid-extra-icon-left\"><svg aria-hidden=\"true\" class=\"e-font-icon-svg e-fas-external-link-alt\" viewBox=\"0 0 512 512\" xmlns=\"http:\/\/www.w3.org\/2000\/svg\"><path d=\"M432,320H400a16,16,0,0,0-16,16V448H64V128H208a16,16,0,0,0,16-16V80a16,16,0,0,0-16-16H48A48,48,0,0,0,0,112V464a48,48,0,0,0,48,48H400a48,48,0,0,0,48-48V336A16,16,0,0,0,432,320ZM488,0h-128c-21.37,0-32.05,25.91-17,41l35.73,35.73L135,320.37a24,24,0,0,0,0,34L157.67,377a24,24,0,0,0,34,0L435.28,133.32,471,169c15,15,41,4.5,41-17V24A24,24,0,0,0,488,0Z\"><\/path><\/svg><\/span><span>LIRE LA SUITE<\/span><\/a><\/div><\/div><\/div><\/div><\/article><article class=\"wpr-grid-item elementor-clearfix post-4498 post type-post status-publish format-standard has-post-thumbnail hentry category-ucmakdere category-tekirdag tag-hebergement-sarkoy tag-hebergement-thrace tag-hebergement-ucmakdere tag-hotel-avdimio tag-hotel-avdimio-sarkoy tag-hotel-avec-vue-sur-la-mer tag-hotel-de-plage tag-hotel-de-vacances-dete tag-hotel-familial tag-hotel-murefte tag-hotel-pres-de-la-mer tag-hotel-tekirdag tag-hotel-boutique tag-hotels-sarkoy tag-vacances-de-week-end\"><div class=\"wpr-grid-item-inner\"><div class=\"wpr-grid-item-above-content elementor-clearfix\"><h2 class=\"wpr-grid-item-title elementor-repeater-item-04b0433 wpr-grid-item-display-block wpr-grid-item-align-left wpr-pointer-none wpr-pointer-line-fx wpr-pointer-fx-slide\"><div class=\"inner-block\"><a target=\"_self\" href=\"https:\/\/modextrem.com\/fr\/hotel-avdimio-ucmakdere\/\">H\u00f4tel Avdimio U\u00e7makdere<\/a><\/div><\/h2><\/div><div class=\"wpr-grid-media-wrap wpr-effect-size-medium \" data-overlay-link=\"yes\"><div class=\"wpr-grid-image-wrap\" data-src=\"https:\/\/modextrem.com\/wp-content\/uploads\/elementor\/thumbs\/Avdimio-Otel-rhf0ati0j5cj71ntjly434xdnr5lvmsvbp770go6tk.png\" data-img-on-hover=\"\"  data-src-secondary=\"\"><img decoding=\"async\" data-no-lazy=\"1\" src=\"https:\/\/modextrem.com\/wp-content\/uploads\/elementor\/thumbs\/Avdimio-Otel-rhf0ati0j5cj71ntjly434xdnr5lvmsvbp770go6tk.png\" alt=\"Avdimio Otel\" class=\"wpr-anim-timing-ease-default\"><\/div><div class=\"wpr-grid-media-hover wpr-animation-wrap\"><div class=\"wpr-grid-media-hover-bg  wpr-overlay-fade-in wpr-anim-size-large wpr-anim-timing-ease-default wpr-anim-transparency\" data-url=\"https:\/\/modextrem.com\/fr\/hotel-avdimio-ucmakdere\/\"><\/div><div class=\"wpr-cv-container\"><div class=\"wpr-cv-outer\"><div class=\"wpr-cv-inner\"><div class=\"wpr-grid-media-hover-middle elementor-clearfix\"><div class=\"wpr-grid-item-lightbox elementor-repeater-item-8944abd wpr-grid-item-display-block wpr-grid-item-align-center wpr-element-fade-in wpr-anim-size-large wpr-anim-timing-ease-default wpr-anim-transparency\"><div class=\"inner-block\"><span data-src=\"https:\/\/modextrem.com\/wp-content\/uploads\/2026\/01\/Avdimio-Otel.png\"><i class=\"fas fa-search\"><\/i><\/span><div class=\"wpr-grid-lightbox-overlay\"><\/div><\/div><\/div><\/div><\/div><\/div><\/div><\/div><\/div><div class=\"wpr-grid-item-below-content elementor-clearfix\"><div class=\"wpr-grid-item-excerpt elementor-repeater-item-5241605 wpr-grid-item-display-block wpr-grid-item-align-left\"><div class=\"inner-block\"><p>U\u00e7makdere, l&#039;une des localit\u00e9s de Tekirda\u011f r\u00e9put\u00e9es pour sa nature, est une destination privil\u00e9gi\u00e9e pour les escapades de week-end gr\u00e2ce...<\/p><\/div><\/div><div class=\"wpr-grid-item-read-more elementor-repeater-item-dc1027d wpr-grid-item-display-block wpr-grid-item-align-left\"><div class=\"inner-block\"><a target=\"_self\" href=\"https:\/\/modextrem.com\/fr\/hotel-avdimio-ucmakdere\/\" class=\"wpr-button-effect wpr-button-none\"><span class=\"wpr-grid-extra-icon-left\"><svg aria-hidden=\"true\" class=\"e-font-icon-svg e-fas-external-link-alt\" viewBox=\"0 0 512 512\" xmlns=\"http:\/\/www.w3.org\/2000\/svg\"><path d=\"M432,320H400a16,16,0,0,0-16,16V448H64V128H208a16,16,0,0,0,16-16V80a16,16,0,0,0-16-16H48A48,48,0,0,0,0,112V464a48,48,0,0,0,48,48H400a48,48,0,0,0,48-48V336A16,16,0,0,0,432,320ZM488,0h-128c-21.37,0-32.05,25.91-17,41l35.73,35.73L135,320.37a24,24,0,0,0,0,34L157.67,377a24,24,0,0,0,34,0L435.28,133.32,471,169c15,15,41,4.5,41-17V24A24,24,0,0,0,488,0Z\"><\/path><\/svg><\/span><span>LIRE LA SUITE<\/span><\/a><\/div><\/div><\/div><\/div><\/article><article class=\"wpr-grid-item elementor-clearfix post-4104 post type-post status-publish format-standard has-post-thumbnail hentry category-le-parapente category-informations-generales-sur-le-parapente tag-experience-de-parapente tag-le-parapente-est-il-sur-2 tag-le-parapente-est-il-sur tag-les-personnes-ayant-le-vertige-peuvent-elles-voler tag-parapente-pour-la-premiere-fois tag-peur-et-anxiete-en-parapente tag-questions-frequentes-sur-le-parapente tag-risques-du-parapente tag-securite-du-parapente-biplace tag-vertige-et-parapente\"><div class=\"wpr-grid-item-inner\"><div class=\"wpr-grid-item-above-content elementor-clearfix\"><h2 class=\"wpr-grid-item-title elementor-repeater-item-04b0433 wpr-grid-item-display-block wpr-grid-item-align-left wpr-pointer-none wpr-pointer-line-fx wpr-pointer-fx-slide\"><div class=\"inner-block\"><a target=\"_self\" href=\"https:\/\/modextrem.com\/fr\/le-parapente-est-il-sur-jai-le-vertige-puis-je-voler\/\">Le parapente est-il s\u00fbr ? J&rsquo;ai le vertige, puis-je voler ?<\/a><\/div><\/h2><\/div><div class=\"wpr-grid-media-wrap wpr-effect-size-medium \" data-overlay-link=\"yes\"><div class=\"wpr-grid-image-wrap\" data-src=\"https:\/\/modextrem.com\/wp-content\/uploads\/elementor\/thumbs\/Tekirdag-Ucmakdere-Yamac-Parasutu-138-scaled-ra4clapjxnumw7oapg773a8vfin820h4kspk43byx4.jpeg\" data-img-on-hover=\"\"  data-src-secondary=\"\"><img decoding=\"async\" data-no-lazy=\"1\" src=\"https:\/\/modextrem.com\/wp-content\/uploads\/elementor\/thumbs\/Tekirdag-Ucmakdere-Yamac-Parasutu-138-scaled-ra4clapjxnumw7oapg773a8vfin820h4kspk43byx4.jpeg\" alt=\"Tekirda\u011f u\u00e7makdere 650 metre yama\u00e7 para\u015f\u00fct\u00fc u\u00e7u\u015fu\" class=\"wpr-anim-timing-ease-default\"><\/div><div class=\"wpr-grid-media-hover wpr-animation-wrap\"><div class=\"wpr-grid-media-hover-bg  wpr-overlay-fade-in wpr-anim-size-large wpr-anim-timing-ease-default wpr-anim-transparency\" data-url=\"https:\/\/modextrem.com\/fr\/le-parapente-est-il-sur-jai-le-vertige-puis-je-voler\/\"><\/div><div class=\"wpr-cv-container\"><div class=\"wpr-cv-outer\"><div class=\"wpr-cv-inner\"><div class=\"wpr-grid-media-hover-middle elementor-clearfix\"><div class=\"wpr-grid-item-lightbox elementor-repeater-item-8944abd wpr-grid-item-display-block wpr-grid-item-align-center wpr-element-fade-in wpr-anim-size-large wpr-anim-timing-ease-default wpr-anim-transparency\"><div class=\"inner-block\"><span data-src=\"https:\/\/modextrem.com\/wp-content\/uploads\/2025\/06\/Tekirdag-Ucmakdere-Yamac-Parasutu-138-scaled.jpeg\"><i class=\"fas fa-search\"><\/i><\/span><div class=\"wpr-grid-lightbox-overlay\"><\/div><\/div><\/div><\/div><\/div><\/div><\/div><\/div><\/div><div class=\"wpr-grid-item-below-content elementor-clearfix\"><div class=\"wpr-grid-item-excerpt elementor-repeater-item-5241605 wpr-grid-item-display-block wpr-grid-item-align-left\"><div class=\"inner-block\"><p>Le parapente est l&#039;un des premiers choix pour ceux qui veulent vivre l&#039;adr\u00e9naline en planant dans le ciel avec une...<\/p><\/div><\/div><div class=\"wpr-grid-item-read-more elementor-repeater-item-dc1027d wpr-grid-item-display-block wpr-grid-item-align-left\"><div class=\"inner-block\"><a target=\"_self\" href=\"https:\/\/modextrem.com\/fr\/le-parapente-est-il-sur-jai-le-vertige-puis-je-voler\/\" class=\"wpr-button-effect wpr-button-none\"><span class=\"wpr-grid-extra-icon-left\"><svg aria-hidden=\"true\" class=\"e-font-icon-svg e-fas-external-link-alt\" viewBox=\"0 0 512 512\" xmlns=\"http:\/\/www.w3.org\/2000\/svg\"><path d=\"M432,320H400a16,16,0,0,0-16,16V448H64V128H208a16,16,0,0,0,16-16V80a16,16,0,0,0-16-16H48A48,48,0,0,0,0,112V464a48,48,0,0,0,48,48H400a48,48,0,0,0,48-48V336A16,16,0,0,0,432,320ZM488,0h-128c-21.37,0-32.05,25.91-17,41l35.73,35.73L135,320.37a24,24,0,0,0,0,34L157.67,377a24,24,0,0,0,34,0L435.28,133.32,471,169c15,15,41,4.5,41-17V24A24,24,0,0,0,488,0Z\"><\/path><\/svg><\/span><span>LIRE LA SUITE<\/span><\/a><\/div><\/div><\/div><\/div><\/article><article class=\"wpr-grid-item elementor-clearfix post-4746 post type-post status-publish format-standard has-post-thumbnail hentry category-tekirdag tag-guide-de-voyage-de-tekirdag tag-itineraires-de-vacances-a-tekirdag tag-les-endroits-les-plus-populaires-de-tekirdag tag-lieux-a-visiter-a-tekirdag-2 tag-lieux-a-visiter-a-tekirdag tag-lieux-a-visiter-dans-la-region-de-marmara tag-lieux-incontournables-a-tekirdag tag-liste-des-lieux-a-visiter-a-tekirdag tag-sites-touristiques-de-tekirdag tag-tourisme-a-tekirdag\"><div class=\"wpr-grid-item-inner\"><div class=\"wpr-grid-item-above-content elementor-clearfix\"><h2 class=\"wpr-grid-item-title elementor-repeater-item-04b0433 wpr-grid-item-display-block wpr-grid-item-align-left wpr-pointer-none wpr-pointer-line-fx wpr-pointer-fx-slide\"><div class=\"inner-block\"><a target=\"_self\" href=\"https:\/\/modextrem.com\/fr\/lieux-a-visiter-a-tekirdag-les-18-endroits-les-plus-populaires\/\">Lieux \u00e0 visiter \u00e0 Tekirda\u011f \u2013 Les activit\u00e9s les plus populaires<\/a><\/div><\/h2><\/div><div class=\"wpr-grid-media-wrap wpr-effect-size-medium \" data-overlay-link=\"yes\"><div class=\"wpr-grid-image-wrap\" data-src=\"https:\/\/modextrem.com\/wp-content\/uploads\/elementor\/thumbs\/Tekirdag-Ucmakdere-Koyu-1-ramj0hjrhiltdmmxl1f5y7dsxye9s0trnylzdrvx54.jpg\" data-img-on-hover=\"\"  data-src-secondary=\"\"><img decoding=\"async\" data-no-lazy=\"1\" src=\"https:\/\/modextrem.com\/wp-content\/uploads\/elementor\/thumbs\/Tekirdag-Ucmakdere-Koyu-1-ramj0hjrhiltdmmxl1f5y7dsxye9s0trnylzdrvx54.jpg\" alt=\"Tekirda\u011f U\u00e7makdere K\u00f6y\u00fc (1)\" class=\"wpr-anim-timing-ease-default\"><\/div><div class=\"wpr-grid-media-hover wpr-animation-wrap\"><div class=\"wpr-grid-media-hover-bg  wpr-overlay-fade-in wpr-anim-size-large wpr-anim-timing-ease-default wpr-anim-transparency\" data-url=\"https:\/\/modextrem.com\/fr\/lieux-a-visiter-a-tekirdag-les-18-endroits-les-plus-populaires\/\"><\/div><div class=\"wpr-cv-container\"><div class=\"wpr-cv-outer\"><div class=\"wpr-cv-inner\"><div class=\"wpr-grid-media-hover-middle elementor-clearfix\"><div class=\"wpr-grid-item-lightbox elementor-repeater-item-8944abd wpr-grid-item-display-block wpr-grid-item-align-center wpr-element-fade-in wpr-anim-size-large wpr-anim-timing-ease-default wpr-anim-transparency\"><div class=\"inner-block\"><span data-src=\"https:\/\/modextrem.com\/wp-content\/uploads\/2025\/06\/Tekirdag-Ucmakdere-Koyu-1.jpg\"><i class=\"fas fa-search\"><\/i><\/span><div class=\"wpr-grid-lightbox-overlay\"><\/div><\/div><\/div><\/div><\/div><\/div><\/div><\/div><\/div><div class=\"wpr-grid-item-below-content elementor-clearfix\"><div class=\"wpr-grid-item-excerpt elementor-repeater-item-5241605 wpr-grid-item-display-block wpr-grid-item-align-left\"><div class=\"inner-block\"><p>Tekirda\u011f est une ville unique, bord\u00e9e \u00e0 la fois par la mer de Marmara et la mer Noire. Avec ses...<\/p><\/div><\/div><div class=\"wpr-grid-item-read-more elementor-repeater-item-dc1027d wpr-grid-item-display-block wpr-grid-item-align-left\"><div class=\"inner-block\"><a target=\"_self\" href=\"https:\/\/modextrem.com\/fr\/lieux-a-visiter-a-tekirdag-les-18-endroits-les-plus-populaires\/\" class=\"wpr-button-effect wpr-button-none\"><span class=\"wpr-grid-extra-icon-left\"><svg aria-hidden=\"true\" class=\"e-font-icon-svg e-fas-external-link-alt\" viewBox=\"0 0 512 512\" xmlns=\"http:\/\/www.w3.org\/2000\/svg\"><path d=\"M432,320H400a16,16,0,0,0-16,16V448H64V128H208a16,16,0,0,0,16-16V80a16,16,0,0,0-16-16H48A48,48,0,0,0,0,112V464a48,48,0,0,0,48,48H400a48,48,0,0,0,48-48V336A16,16,0,0,0,432,320ZM488,0h-128c-21.37,0-32.05,25.91-17,41l35.73,35.73L135,320.37a24,24,0,0,0,0,34L157.67,377a24,24,0,0,0,34,0L435.28,133.32,471,169c15,15,41,4.5,41-17V24A24,24,0,0,0,488,0Z\"><\/path><\/svg><\/span><span>LIRE LA SUITE<\/span><\/a><\/div><\/div><\/div><\/div><\/article><article class=\"wpr-grid-item elementor-clearfix post-4341 post type-post status-publish format-standard has-post-thumbnail hentry category-le-parapente category-parapente-a-ucmakdere tag-conditions-meteo-parapente-ucmakdere tag-conditions-thermiques-ucmakdere tag-direction-du-vent-favorable-au-vol tag-direction-du-vent-parapente tag-direction-du-vent-ucmakdere tag-meteo-de-vol-ucmakdere tag-meteo-ucmakdere tag-meteo-vol-tekirdag tag-meteorologie-ucmakdere tag-vent-ideal-pour-le-parapente\"><div class=\"wpr-grid-item-inner\"><div class=\"wpr-grid-item-above-content elementor-clearfix\"><h2 class=\"wpr-grid-item-title elementor-repeater-item-04b0433 wpr-grid-item-display-block wpr-grid-item-align-left wpr-pointer-none wpr-pointer-line-fx wpr-pointer-fx-slide\"><div class=\"inner-block\"><a target=\"_self\" href=\"https:\/\/modextrem.com\/fr\/meteo-a-ucmakdere-quelle-est-la-direction-du-vent-la-plus-favorable-pour-voler\/\">M\u00e9t\u00e9o \u00e0 U\u00e7makdere : Quelle est la direction du vent la plus favorable pour voler ?<\/a><\/div><\/h2><\/div><div class=\"wpr-grid-media-wrap wpr-effect-size-medium \" data-overlay-link=\"yes\"><div class=\"wpr-grid-image-wrap\" data-src=\"https:\/\/modextrem.com\/wp-content\/uploads\/elementor\/thumbs\/Yamac-Parasutu-15-ra4clfeqvu12i9hgy08bxr26eg024hzs9fyzih5020.jpg\" data-img-on-hover=\"\"  data-src-secondary=\"\"><img decoding=\"async\" data-no-lazy=\"1\" src=\"https:\/\/modextrem.com\/wp-content\/uploads\/elementor\/thumbs\/Yamac-Parasutu-15-ra4clfeqvu12i9hgy08bxr26eg024hzs9fyzih5020.jpg\" alt=\"Yama\u00e7 Para\u015f\u00fct\u00fc (15)\" class=\"wpr-anim-timing-ease-default\"><\/div><div class=\"wpr-grid-media-hover wpr-animation-wrap\"><div class=\"wpr-grid-media-hover-bg  wpr-overlay-fade-in wpr-anim-size-large wpr-anim-timing-ease-default wpr-anim-transparency\" data-url=\"https:\/\/modextrem.com\/fr\/meteo-a-ucmakdere-quelle-est-la-direction-du-vent-la-plus-favorable-pour-voler\/\"><\/div><div class=\"wpr-cv-container\"><div class=\"wpr-cv-outer\"><div class=\"wpr-cv-inner\"><div class=\"wpr-grid-media-hover-middle elementor-clearfix\"><div class=\"wpr-grid-item-lightbox elementor-repeater-item-8944abd wpr-grid-item-display-block wpr-grid-item-align-center wpr-element-fade-in wpr-anim-size-large wpr-anim-timing-ease-default wpr-anim-transparency\"><div class=\"inner-block\"><span data-src=\"https:\/\/modextrem.com\/wp-content\/uploads\/2025\/06\/Yamac-Parasutu-15.jpg\"><i class=\"fas fa-search\"><\/i><\/span><div class=\"wpr-grid-lightbox-overlay\"><\/div><\/div><\/div><\/div><\/div><\/div><\/div><\/div><\/div><div class=\"wpr-grid-item-below-content elementor-clearfix\"><div class=\"wpr-grid-item-excerpt elementor-repeater-item-5241605 wpr-grid-item-display-block wpr-grid-item-align-left\"><div class=\"inner-block\"><p>U\u00e7makdere est une r\u00e9gion situ\u00e9e dans la province de Tekirda\u011f, dans la r\u00e9gion de Marmara en Turquie, et se distingue...<\/p><\/div><\/div><div class=\"wpr-grid-item-read-more elementor-repeater-item-dc1027d wpr-grid-item-display-block wpr-grid-item-align-left\"><div class=\"inner-block\"><a target=\"_self\" href=\"https:\/\/modextrem.com\/fr\/meteo-a-ucmakdere-quelle-est-la-direction-du-vent-la-plus-favorable-pour-voler\/\" class=\"wpr-button-effect wpr-button-none\"><span class=\"wpr-grid-extra-icon-left\"><svg aria-hidden=\"true\" class=\"e-font-icon-svg e-fas-external-link-alt\" viewBox=\"0 0 512 512\" xmlns=\"http:\/\/www.w3.org\/2000\/svg\"><path d=\"M432,320H400a16,16,0,0,0-16,16V448H64V128H208a16,16,0,0,0,16-16V80a16,16,0,0,0-16-16H48A48,48,0,0,0,0,112V464a48,48,0,0,0,48,48H400a48,48,0,0,0,48-48V336A16,16,0,0,0,432,320ZM488,0h-128c-21.37,0-32.05,25.91-17,41l35.73,35.73L135,320.37a24,24,0,0,0,0,34L157.67,377a24,24,0,0,0,34,0L435.28,133.32,471,169c15,15,41,4.5,41-17V24A24,24,0,0,0,488,0Z\"><\/path><\/svg><\/span><span>LIRE LA SUITE<\/span><\/a><\/div><\/div><\/div><\/div><\/article><article class=\"wpr-grid-item elementor-clearfix post-4202 post type-post status-publish format-standard has-post-thumbnail hentry category-le-parapente category-parapente-a-oludeniz tag-activites-de-vacances-fethiye tag-compagnies-de-parapente-oludeniz tag-guide-de-voyage-fethiye tag-lieux-a-visiter-oludeniz tag-parapente-au-mont-babadag tag-parapente-babadag-telepherique tag-parapente-fethiye tag-parapente-mugla tag-parapente-oludeniz tag-parapente-tandem-fethiye tag-prix-parapente-fethiye tag-site-de-vol-babadag tag-sports-daventure-oludeniz tag-sports-extremes-fethiye tag-vol-tandem-oludeniz\"><div class=\"wpr-grid-item-inner\"><div class=\"wpr-grid-item-above-content elementor-clearfix\"><h2 class=\"wpr-grid-item-title elementor-repeater-item-04b0433 wpr-grid-item-display-block wpr-grid-item-align-left wpr-pointer-none wpr-pointer-line-fx wpr-pointer-fx-slide\"><div class=\"inner-block\"><a target=\"_self\" href=\"https:\/\/modextrem.com\/fr\/oludeniz-le-paradis-du-parapente\/\">\u00d6l\u00fcdeniz, le paradis du parapente<\/a><\/div><\/h2><\/div><div class=\"wpr-grid-media-wrap wpr-effect-size-medium \" data-overlay-link=\"yes\"><div class=\"wpr-grid-image-wrap\" data-src=\"https:\/\/modextrem.com\/wp-content\/uploads\/elementor\/thumbs\/Yamac-Parasutu-28-ra4clcl8bbx7jflkeh0g89rsmadyheol920j2n96ko.jpg\" data-img-on-hover=\"\"  data-src-secondary=\"\"><img decoding=\"async\" data-no-lazy=\"1\" src=\"https:\/\/modextrem.com\/wp-content\/uploads\/elementor\/thumbs\/Yamac-Parasutu-28-ra4clcl8bbx7jflkeh0g89rsmadyheol920j2n96ko.jpg\" alt=\"Yama\u00e7 Para\u015f\u00fct\u00fc (28)\" class=\"wpr-anim-timing-ease-default\"><\/div><div class=\"wpr-grid-media-hover wpr-animation-wrap\"><div class=\"wpr-grid-media-hover-bg  wpr-overlay-fade-in wpr-anim-size-large wpr-anim-timing-ease-default wpr-anim-transparency\" data-url=\"https:\/\/modextrem.com\/fr\/oludeniz-le-paradis-du-parapente\/\"><\/div><div class=\"wpr-cv-container\"><div class=\"wpr-cv-outer\"><div class=\"wpr-cv-inner\"><div class=\"wpr-grid-media-hover-middle elementor-clearfix\"><div class=\"wpr-grid-item-lightbox elementor-repeater-item-8944abd wpr-grid-item-display-block wpr-grid-item-align-center wpr-element-fade-in wpr-anim-size-large wpr-anim-timing-ease-default wpr-anim-transparency\"><div class=\"inner-block\"><span data-src=\"https:\/\/modextrem.com\/wp-content\/uploads\/2025\/06\/Yamac-Parasutu-28.jpg\"><i class=\"fas fa-search\"><\/i><\/span><div class=\"wpr-grid-lightbox-overlay\"><\/div><\/div><\/div><\/div><\/div><\/div><\/div><\/div><\/div><div class=\"wpr-grid-item-below-content elementor-clearfix\"><div class=\"wpr-grid-item-excerpt elementor-repeater-item-5241605 wpr-grid-item-display-block wpr-grid-item-align-left\"><div class=\"inner-block\"><p>\u00d6l\u00fcdeniz, le paradis du parapente BLOG Parapente \u00e0 \u00d6l\u00fcdeniz \u00d6l\u00fcdeniz est le meilleur spot de parapente au monde. Tous ceux...<\/p><\/div><\/div><div class=\"wpr-grid-item-read-more elementor-repeater-item-dc1027d wpr-grid-item-display-block wpr-grid-item-align-left\"><div class=\"inner-block\"><a target=\"_self\" href=\"https:\/\/modextrem.com\/fr\/oludeniz-le-paradis-du-parapente\/\" class=\"wpr-button-effect wpr-button-none\"><span class=\"wpr-grid-extra-icon-left\"><svg aria-hidden=\"true\" class=\"e-font-icon-svg e-fas-external-link-alt\" viewBox=\"0 0 512 512\" xmlns=\"http:\/\/www.w3.org\/2000\/svg\"><path d=\"M432,320H400a16,16,0,0,0-16,16V448H64V128H208a16,16,0,0,0,16-16V80a16,16,0,0,0-16-16H48A48,48,0,0,0,0,112V464a48,48,0,0,0,48,48H400a48,48,0,0,0,48-48V336A16,16,0,0,0,432,320ZM488,0h-128c-21.37,0-32.05,25.91-17,41l35.73,35.73L135,320.37a24,24,0,0,0,0,34L157.67,377a24,24,0,0,0,34,0L435.28,133.32,471,169c15,15,41,4.5,41-17V24A24,24,0,0,0,488,0Z\"><\/path><\/svg><\/span><span>LIRE LA SUITE<\/span><\/a><\/div><\/div><\/div><\/div><\/article><article class=\"wpr-grid-item elementor-clearfix post-8253 post type-post status-publish format-standard has-post-thumbnail hentry category-le-parapente category-parapente-a-istanbul category-parapente-a-ormanli tag-activites-de-week-end-a-istanbul tag-camping-et-parapente-a-ormanli tag-colline-de-vol-dormanli tag-parapente-a-istanbul tag-parapente-a-la-plage-dormanli tag-parapente-a-ormanli tag-parapente-a-ormanli-catalca tag-parapente-au-village-dormanli tag-parapente-en-tandem-a-istanbul tag-parapente-sur-la-cote-dormanli tag-prix-du-parapente-a-catalca tag-sites-de-parapente-a-istanbul tag-sports-de-nature-a-catalca tag-sports-extremes-a-istanbul tag-vol-en-parapente-a-catalca tag-vol-en-tandem-a-ormanli\"><div class=\"wpr-grid-item-inner\"><div class=\"wpr-grid-item-above-content elementor-clearfix\"><h2 class=\"wpr-grid-item-title elementor-repeater-item-04b0433 wpr-grid-item-display-block wpr-grid-item-align-left wpr-pointer-none wpr-pointer-line-fx wpr-pointer-fx-slide\"><div class=\"inner-block\"><a target=\"_self\" href=\"https:\/\/modextrem.com\/fr\/parapente-a-catalca-ormanli\/\">Parapente \u00e0 \u00c7atalca Ormanl\u0131<\/a><\/div><\/h2><\/div><div class=\"wpr-grid-media-wrap wpr-effect-size-medium \" data-overlay-link=\"yes\"><div class=\"wpr-grid-image-wrap\" data-src=\"https:\/\/modextrem.com\/wp-content\/uploads\/elementor\/thumbs\/Ormanli-Yamac-Parasutu-16-scaled-rjecsybkrkij09fy9lrrmmojptcn5cxzkkjlkw7onc.jpeg\" data-img-on-hover=\"\"  data-src-secondary=\"\"><img decoding=\"async\" data-no-lazy=\"1\" src=\"https:\/\/modextrem.com\/wp-content\/uploads\/elementor\/thumbs\/Ormanli-Yamac-Parasutu-16-scaled-rjecsybkrkij09fy9lrrmmojptcn5cxzkkjlkw7onc.jpeg\" alt=\"DCIM100GOPROG0029137.JPG\" class=\"wpr-anim-timing-ease-default\"><\/div><div class=\"wpr-grid-media-hover wpr-animation-wrap\"><div class=\"wpr-grid-media-hover-bg  wpr-overlay-fade-in wpr-anim-size-large wpr-anim-timing-ease-default wpr-anim-transparency\" data-url=\"https:\/\/modextrem.com\/fr\/parapente-a-catalca-ormanli\/\"><\/div><div class=\"wpr-cv-container\"><div class=\"wpr-cv-outer\"><div class=\"wpr-cv-inner\"><div class=\"wpr-grid-media-hover-middle elementor-clearfix\"><div class=\"wpr-grid-item-lightbox elementor-repeater-item-8944abd wpr-grid-item-display-block wpr-grid-item-align-center wpr-element-fade-in wpr-anim-size-large wpr-anim-timing-ease-default wpr-anim-transparency\"><div class=\"inner-block\"><span data-src=\"https:\/\/modextrem.com\/wp-content\/uploads\/2026\/02\/Ormanli-Yamac-Parasutu-16-scaled.jpeg\"><i class=\"fas fa-search\"><\/i><\/span><div class=\"wpr-grid-lightbox-overlay\"><\/div><\/div><\/div><\/div><\/div><\/div><\/div><\/div><\/div><div class=\"wpr-grid-item-below-content elementor-clearfix\"><div class=\"wpr-grid-item-excerpt elementor-repeater-item-5241605 wpr-grid-item-display-block wpr-grid-item-align-left\"><div class=\"inner-block\"><p>Pr\u00eat(e) pour l&rsquo;aventure \u00e0 \u00c7atalca.! PARAPENTE \u00c0 \u00c7ATALCA ORMANLI R\u00c9SERVEZ VOTRE BILLET MAINTENANT PARAPENTE \u00c0 ORMANLI Bienvenue \u00e0 notre exp\u00e9rience...<\/p><\/div><\/div><div class=\"wpr-grid-item-read-more elementor-repeater-item-dc1027d wpr-grid-item-display-block wpr-grid-item-align-left\"><div class=\"inner-block\"><a target=\"_self\" href=\"https:\/\/modextrem.com\/fr\/parapente-a-catalca-ormanli\/\" class=\"wpr-button-effect wpr-button-none\"><span class=\"wpr-grid-extra-icon-left\"><svg aria-hidden=\"true\" class=\"e-font-icon-svg e-fas-external-link-alt\" viewBox=\"0 0 512 512\" xmlns=\"http:\/\/www.w3.org\/2000\/svg\"><path d=\"M432,320H400a16,16,0,0,0-16,16V448H64V128H208a16,16,0,0,0,16-16V80a16,16,0,0,0-16-16H48A48,48,0,0,0,0,112V464a48,48,0,0,0,48,48H400a48,48,0,0,0,48-48V336A16,16,0,0,0,432,320ZM488,0h-128c-21.37,0-32.05,25.91-17,41l35.73,35.73L135,320.37a24,24,0,0,0,0,34L157.67,377a24,24,0,0,0,34,0L435.28,133.32,471,169c15,15,41,4.5,41-17V24A24,24,0,0,0,488,0Z\"><\/path><\/svg><\/span><span>LIRE LA SUITE<\/span><\/a><\/div><\/div><\/div><\/div><\/article><article class=\"wpr-grid-item elementor-clearfix post-8233 post type-post status-publish format-standard has-post-thumbnail hentry category-le-parapente category-parapente-a-istanbul tag-activites-de-week-end-a-istanbul tag-colline-de-parapente-dormanli tag-ou-faire-du-parapente-a-istanbul tag-parapente-a-catalca tag-parapente-a-istanbul tag-parapente-a-ormanli tag-parapente-a-ormanli-catalca tag-parapente-a-ucmakdere tag-parapente-a-ucmakdere-tekirdag tag-parapente-biplace-istanbul tag-prix-du-parapente-a-istanbul tag-sports-de-nature-a-istanbul tag-sports-extremes-a-istanbul tag-vol-en-parapente-a-catalca\"><div class=\"wpr-grid-item-inner\"><div class=\"wpr-grid-item-above-content elementor-clearfix\"><h2 class=\"wpr-grid-item-title elementor-repeater-item-04b0433 wpr-grid-item-display-block wpr-grid-item-align-left wpr-pointer-none wpr-pointer-line-fx wpr-pointer-fx-slide\"><div class=\"inner-block\"><a target=\"_self\" href=\"https:\/\/modextrem.com\/fr\/parapente-a-istanbul\/\">Parapente \u00e0 Istanbul<\/a><\/div><\/h2><\/div><div class=\"wpr-grid-media-wrap wpr-effect-size-medium \" data-overlay-link=\"yes\"><div class=\"wpr-grid-image-wrap\" data-src=\"https:\/\/modextrem.com\/wp-content\/uploads\/elementor\/thumbs\/Ormanli-Yamac-Parasutu-64-scaled-rjectcf5m31tuevgz9v6614gmlf5cthymibvs1ms20.jpg\" data-img-on-hover=\"\"  data-src-secondary=\"\"><img decoding=\"async\" data-no-lazy=\"1\" src=\"https:\/\/modextrem.com\/wp-content\/uploads\/elementor\/thumbs\/Ormanli-Yamac-Parasutu-64-scaled-rjectcf5m31tuevgz9v6614gmlf5cthymibvs1ms20.jpg\" alt=\"Ormanl\u0131 Yama\u00e7 Para\u015f\u00fct\u00fc (64)\" class=\"wpr-anim-timing-ease-default\"><\/div><div class=\"wpr-grid-media-hover wpr-animation-wrap\"><div class=\"wpr-grid-media-hover-bg  wpr-overlay-fade-in wpr-anim-size-large wpr-anim-timing-ease-default wpr-anim-transparency\" data-url=\"https:\/\/modextrem.com\/fr\/parapente-a-istanbul\/\"><\/div><div class=\"wpr-cv-container\"><div class=\"wpr-cv-outer\"><div class=\"wpr-cv-inner\"><div class=\"wpr-grid-media-hover-middle elementor-clearfix\"><div class=\"wpr-grid-item-lightbox elementor-repeater-item-8944abd wpr-grid-item-display-block wpr-grid-item-align-center wpr-element-fade-in wpr-anim-size-large wpr-anim-timing-ease-default wpr-anim-transparency\"><div class=\"inner-block\"><span data-src=\"https:\/\/modextrem.com\/wp-content\/uploads\/2026\/02\/Ormanli-Yamac-Parasutu-64-scaled.jpg\"><i class=\"fas fa-search\"><\/i><\/span><div class=\"wpr-grid-lightbox-overlay\"><\/div><\/div><\/div><\/div><\/div><\/div><\/div><\/div><\/div><div class=\"wpr-grid-item-below-content elementor-clearfix\"><div class=\"wpr-grid-item-excerpt elementor-repeater-item-5241605 wpr-grid-item-display-block wpr-grid-item-align-left\"><div class=\"inner-block\"><p>Es-tu pr\u00eat \u00e0 d\u00e9couvrir la libert\u00e9 ? Une exp\u00e9rience de parapente biplace s\u00fbre et sans formation, accompagn\u00e9 de pilotes professionnels...<\/p><\/div><\/div><div class=\"wpr-grid-item-read-more elementor-repeater-item-dc1027d wpr-grid-item-display-block wpr-grid-item-align-left\"><div class=\"inner-block\"><a target=\"_self\" href=\"https:\/\/modextrem.com\/fr\/parapente-a-istanbul\/\" class=\"wpr-button-effect wpr-button-none\"><span class=\"wpr-grid-extra-icon-left\"><svg aria-hidden=\"true\" class=\"e-font-icon-svg e-fas-external-link-alt\" viewBox=\"0 0 512 512\" xmlns=\"http:\/\/www.w3.org\/2000\/svg\"><path d=\"M432,320H400a16,16,0,0,0-16,16V448H64V128H208a16,16,0,0,0,16-16V80a16,16,0,0,0-16-16H48A48,48,0,0,0,0,112V464a48,48,0,0,0,48,48H400a48,48,0,0,0,48-48V336A16,16,0,0,0,432,320ZM488,0h-128c-21.37,0-32.05,25.91-17,41l35.73,35.73L135,320.37a24,24,0,0,0,0,34L157.67,377a24,24,0,0,0,34,0L435.28,133.32,471,169c15,15,41,4.5,41-17V24A24,24,0,0,0,488,0Z\"><\/path><\/svg><\/span><span>LIRE LA SUITE<\/span><\/a><\/div><\/div><\/div><\/div><\/article><article class=\"wpr-grid-item elementor-clearfix post-4790 post type-post status-publish format-standard has-post-thumbnail hentry category-le-parapente category-formation-de-parapente tag-controle-actif-en-parapente tag-formation-au-pilotage-actif tag-gestion-de-la-turbulence-en-parapente tag-pilotage-actif-en-parapente tag-pilotage-avance-en-parapente tag-quest-ce-que-le-pilotage-actif tag-securite-de-vol-en-parapente tag-techniques-de-controle-de-laile tag-techniques-de-pilotage-en-parapente tag-vol-securise-en-parapente\"><div class=\"wpr-grid-item-inner\"><div class=\"wpr-grid-item-above-content elementor-clearfix\"><h2 class=\"wpr-grid-item-title elementor-repeater-item-04b0433 wpr-grid-item-display-block wpr-grid-item-align-left wpr-pointer-none wpr-pointer-line-fx wpr-pointer-fx-slide\"><div class=\"inner-block\"><a target=\"_self\" href=\"https:\/\/modextrem.com\/fr\/parapente-pilotage-actif\/\">Parapente Pilotage Actif<\/a><\/div><\/h2><\/div><div class=\"wpr-grid-media-wrap wpr-effect-size-medium \" data-overlay-link=\"yes\"><div class=\"wpr-grid-image-wrap\" data-src=\"https:\/\/modextrem.com\/wp-content\/uploads\/elementor\/thumbs\/Yamac-Parasutu-4-ra4cldj2i5yhv1k78zf2srj97o9bp3sbl6o0jx7seg.jpg\" data-img-on-hover=\"\"  data-src-secondary=\"\"><img decoding=\"async\" data-no-lazy=\"1\" src=\"https:\/\/modextrem.com\/wp-content\/uploads\/elementor\/thumbs\/Yamac-Parasutu-4-ra4cldj2i5yhv1k78zf2srj97o9bp3sbl6o0jx7seg.jpg\" alt=\"Yama\u00e7 Para\u015f\u00fct\u00fc Aktif Pilotaj\" class=\"wpr-anim-timing-ease-default\"><\/div><div class=\"wpr-grid-media-hover wpr-animation-wrap\"><div class=\"wpr-grid-media-hover-bg  wpr-overlay-fade-in wpr-anim-size-large wpr-anim-timing-ease-default wpr-anim-transparency\" data-url=\"https:\/\/modextrem.com\/fr\/parapente-pilotage-actif\/\"><\/div><div class=\"wpr-cv-container\"><div class=\"wpr-cv-outer\"><div class=\"wpr-cv-inner\"><div class=\"wpr-grid-media-hover-middle elementor-clearfix\"><div class=\"wpr-grid-item-lightbox elementor-repeater-item-8944abd wpr-grid-item-display-block wpr-grid-item-align-center wpr-element-fade-in wpr-anim-size-large wpr-anim-timing-ease-default wpr-anim-transparency\"><div class=\"inner-block\"><span data-src=\"https:\/\/modextrem.com\/wp-content\/uploads\/2025\/06\/Yamac-Parasutu-4.jpg\"><i class=\"fas fa-search\"><\/i><\/span><div class=\"wpr-grid-lightbox-overlay\"><\/div><\/div><\/div><\/div><\/div><\/div><\/div><\/div><\/div><div class=\"wpr-grid-item-below-content elementor-clearfix\"><div class=\"wpr-grid-item-excerpt elementor-repeater-item-5241605 wpr-grid-item-display-block wpr-grid-item-align-left\"><div class=\"inner-block\"><p>Le parapente est un sport unique qui allie libert\u00e9 et adr\u00e9naline. Cependant, pour pratiquer ce sport de mani\u00e8re s\u00fbre et...<\/p><\/div><\/div><div class=\"wpr-grid-item-read-more elementor-repeater-item-dc1027d wpr-grid-item-display-block wpr-grid-item-align-left\"><div class=\"inner-block\"><a target=\"_self\" href=\"https:\/\/modextrem.com\/fr\/parapente-pilotage-actif\/\" class=\"wpr-button-effect wpr-button-none\"><span class=\"wpr-grid-extra-icon-left\"><svg aria-hidden=\"true\" class=\"e-font-icon-svg e-fas-external-link-alt\" viewBox=\"0 0 512 512\" xmlns=\"http:\/\/www.w3.org\/2000\/svg\"><path d=\"M432,320H400a16,16,0,0,0-16,16V448H64V128H208a16,16,0,0,0,16-16V80a16,16,0,0,0-16-16H48A48,48,0,0,0,0,112V464a48,48,0,0,0,48,48H400a48,48,0,0,0,48-48V336A16,16,0,0,0,432,320ZM488,0h-128c-21.37,0-32.05,25.91-17,41l35.73,35.73L135,320.37a24,24,0,0,0,0,34L157.67,377a24,24,0,0,0,34,0L435.28,133.32,471,169c15,15,41,4.5,41-17V24A24,24,0,0,0,488,0Z\"><\/path><\/svg><\/span><span>LIRE LA SUITE<\/span><\/a><\/div><\/div><\/div><\/div><\/article><article class=\"wpr-grid-item elementor-clearfix post-3840 post type-post status-publish format-standard has-post-thumbnail hentry category-tekirdag category-ucmakdere tag-cote-ducmakdere tag-criques-ducmakdere tag-guide-de-vacances-ucmakdere tag-lieux-de-baignade-a-ucmakdere tag-mer-tekirdag-ucmakdere tag-mer-ucmakdere tag-natation-ucmakdere tag-peut-on-se-baigner-a-ucmakdere tag-plage-ducmakdere tag-vacances-dete-ucmakdere\"><div class=\"wpr-grid-item-inner\"><div class=\"wpr-grid-item-above-content elementor-clearfix\"><h2 class=\"wpr-grid-item-title elementor-repeater-item-04b0433 wpr-grid-item-display-block wpr-grid-item-align-left wpr-pointer-none wpr-pointer-line-fx wpr-pointer-fx-slide\"><div class=\"inner-block\"><a target=\"_self\" href=\"https:\/\/modextrem.com\/fr\/peut-on-se-baigner-a-ucmakdere\/\">Peut-on se baigner \u00e0 U\u00e7makdere ?<\/a><\/div><\/h2><\/div><div class=\"wpr-grid-media-wrap wpr-effect-size-medium \" data-overlay-link=\"yes\"><div class=\"wpr-grid-image-wrap\" data-src=\"https:\/\/modextrem.com\/wp-content\/uploads\/elementor\/thumbs\/ucmakdere-deniz-1024x768-1-ra4clcl8bbx7jflkeh0g89rsmadyheol920j2n96ko.jpg\" data-img-on-hover=\"\"  data-src-secondary=\"\"><img decoding=\"async\" data-no-lazy=\"1\" src=\"https:\/\/modextrem.com\/wp-content\/uploads\/elementor\/thumbs\/ucmakdere-deniz-1024x768-1-ra4clcl8bbx7jflkeh0g89rsmadyheol920j2n96ko.jpg\" alt=\"ucmakderede denize giriliyormu\" class=\"wpr-anim-timing-ease-default\"><\/div><div class=\"wpr-grid-media-hover wpr-animation-wrap\"><div class=\"wpr-grid-media-hover-bg  wpr-overlay-fade-in wpr-anim-size-large wpr-anim-timing-ease-default wpr-anim-transparency\" data-url=\"https:\/\/modextrem.com\/fr\/peut-on-se-baigner-a-ucmakdere\/\"><\/div><div class=\"wpr-cv-container\"><div class=\"wpr-cv-outer\"><div class=\"wpr-cv-inner\"><div class=\"wpr-grid-media-hover-middle elementor-clearfix\"><div class=\"wpr-grid-item-lightbox elementor-repeater-item-8944abd wpr-grid-item-display-block wpr-grid-item-align-center wpr-element-fade-in wpr-anim-size-large wpr-anim-timing-ease-default wpr-anim-transparency\"><div class=\"inner-block\"><span data-src=\"https:\/\/modextrem.com\/wp-content\/uploads\/2025\/06\/ucmakdere-deniz-1024x768-1.jpg\"><i class=\"fas fa-search\"><\/i><\/span><div class=\"wpr-grid-lightbox-overlay\"><\/div><\/div><\/div><\/div><\/div><\/div><\/div><\/div><\/div><div class=\"wpr-grid-item-below-content elementor-clearfix\"><div class=\"wpr-grid-item-excerpt elementor-repeater-item-5241605 wpr-grid-item-display-block wpr-grid-item-align-left\"><div class=\"inner-block\"><p>Oui, U\u00e7makdere n&#039;est pas seulement adapt\u00e9 au parapente, mais aussi tr\u00e8s propice \u00e0 la baignade gr\u00e2ce \u00e0 sa plage naturelle...<\/p><\/div><\/div><div class=\"wpr-grid-item-read-more elementor-repeater-item-dc1027d wpr-grid-item-display-block wpr-grid-item-align-left\"><div class=\"inner-block\"><a target=\"_self\" href=\"https:\/\/modextrem.com\/fr\/peut-on-se-baigner-a-ucmakdere\/\" class=\"wpr-button-effect wpr-button-none\"><span class=\"wpr-grid-extra-icon-left\"><svg aria-hidden=\"true\" class=\"e-font-icon-svg e-fas-external-link-alt\" viewBox=\"0 0 512 512\" xmlns=\"http:\/\/www.w3.org\/2000\/svg\"><path d=\"M432,320H400a16,16,0,0,0-16,16V448H64V128H208a16,16,0,0,0,16-16V80a16,16,0,0,0-16-16H48A48,48,0,0,0,0,112V464a48,48,0,0,0,48,48H400a48,48,0,0,0,48-48V336A16,16,0,0,0,432,320ZM488,0h-128c-21.37,0-32.05,25.91-17,41l35.73,35.73L135,320.37a24,24,0,0,0,0,34L157.67,377a24,24,0,0,0,34,0L435.28,133.32,471,169c15,15,41,4.5,41-17V24A24,24,0,0,0,488,0Z\"><\/path><\/svg><\/span><span>LIRE LA SUITE<\/span><\/a><\/div><\/div><\/div><\/div><\/article><article class=\"wpr-grid-item elementor-clearfix post-3801 post type-post status-publish format-standard has-post-thumbnail hentry category-le-parapente category-parapente-a-ucmakdere tag-frais-de-parapente-tekirdag tag-frais-de-parapente-ucmakdere-2026 tag-liste-de-prix-parapente-2026 tag-prix-du-parapente-a-ucmakdere-2026 tag-prix-parapente-pas-cher-2026 tag-prix-parapente-tekirdag tag-prix-sports-extremes-ucmakdere tag-prix-vol-tandem-ucmakdere tag-promotions-parapente-ucmakdere-2026 tag-tarifs-de-parapente-2026\"><div class=\"wpr-grid-item-inner\"><div class=\"wpr-grid-item-above-content elementor-clearfix\"><h2 class=\"wpr-grid-item-title elementor-repeater-item-04b0433 wpr-grid-item-display-block wpr-grid-item-align-left wpr-pointer-none wpr-pointer-line-fx wpr-pointer-fx-slide\"><div class=\"inner-block\"><a target=\"_self\" href=\"https:\/\/modextrem.com\/fr\/prix-du-parapente-a-ucmakdere-2026\/\">Prix du parapente \u00e0 U\u00e7makdere 2026<\/a><\/div><\/h2><\/div><div class=\"wpr-grid-media-wrap wpr-effect-size-medium \" data-overlay-link=\"yes\"><div class=\"wpr-grid-image-wrap\" data-src=\"https:\/\/modextrem.com\/wp-content\/uploads\/elementor\/thumbs\/Tekirdag-Ucmakdere-Yamac-Parasutu-791-scaled-ra4cli89gc4xh3ddhjg7n8ck6lm5rlaz9txfyb0tjc.jpg\" data-img-on-hover=\"\"  data-src-secondary=\"\"><img decoding=\"async\" data-no-lazy=\"1\" src=\"https:\/\/modextrem.com\/wp-content\/uploads\/elementor\/thumbs\/Tekirdag-Ucmakdere-Yamac-Parasutu-791-scaled-ra4cli89gc4xh3ddhjg7n8ck6lm5rlaz9txfyb0tjc.jpg\" alt=\"Tekirda\u011f U\u00e7makdere Yama\u00e7 Para\u015f\u00fct\u00fc (791)\" class=\"wpr-anim-timing-ease-default\"><\/div><div class=\"wpr-grid-media-hover wpr-animation-wrap\"><div class=\"wpr-grid-media-hover-bg  wpr-overlay-fade-in wpr-anim-size-large wpr-anim-timing-ease-default wpr-anim-transparency\" data-url=\"https:\/\/modextrem.com\/fr\/prix-du-parapente-a-ucmakdere-2026\/\"><\/div><div class=\"wpr-cv-container\"><div class=\"wpr-cv-outer\"><div class=\"wpr-cv-inner\"><div class=\"wpr-grid-media-hover-middle elementor-clearfix\"><div class=\"wpr-grid-item-lightbox elementor-repeater-item-8944abd wpr-grid-item-display-block wpr-grid-item-align-center wpr-element-fade-in wpr-anim-size-large wpr-anim-timing-ease-default wpr-anim-transparency\"><div class=\"inner-block\"><span data-src=\"https:\/\/modextrem.com\/wp-content\/uploads\/2025\/06\/Tekirdag-Ucmakdere-Yamac-Parasutu-791-scaled.jpg\"><i class=\"fas fa-search\"><\/i><\/span><div class=\"wpr-grid-lightbox-overlay\"><\/div><\/div><\/div><\/div><\/div><\/div><\/div><\/div><\/div><div class=\"wpr-grid-item-below-content elementor-clearfix\"><div class=\"wpr-grid-item-excerpt elementor-repeater-item-5241605 wpr-grid-item-display-block wpr-grid-item-align-left\"><div class=\"inner-block\"><p>Nature, libert\u00e9 et adr\u00e9naline : Retrouve ici les tarifs les plus r\u00e9cents et les d\u00e9tails des vols ! Pour celles...<\/p><\/div><\/div><div class=\"wpr-grid-item-read-more elementor-repeater-item-dc1027d wpr-grid-item-display-block wpr-grid-item-align-left\"><div class=\"inner-block\"><a target=\"_self\" href=\"https:\/\/modextrem.com\/fr\/prix-du-parapente-a-ucmakdere-2026\/\" class=\"wpr-button-effect wpr-button-none\"><span class=\"wpr-grid-extra-icon-left\"><svg aria-hidden=\"true\" class=\"e-font-icon-svg e-fas-external-link-alt\" viewBox=\"0 0 512 512\" xmlns=\"http:\/\/www.w3.org\/2000\/svg\"><path d=\"M432,320H400a16,16,0,0,0-16,16V448H64V128H208a16,16,0,0,0,16-16V80a16,16,0,0,0-16-16H48A48,48,0,0,0,0,112V464a48,48,0,0,0,48,48H400a48,48,0,0,0,48-48V336A16,16,0,0,0,432,320ZM488,0h-128c-21.37,0-32.05,25.91-17,41l35.73,35.73L135,320.37a24,24,0,0,0,0,34L157.67,377a24,24,0,0,0,34,0L435.28,133.32,471,169c15,15,41,4.5,41-17V24A24,24,0,0,0,488,0Z\"><\/path><\/svg><\/span><span>LIRE LA SUITE<\/span><\/a><\/div><\/div><\/div><\/div><\/article><article class=\"wpr-grid-item elementor-clearfix post-4145 post type-post status-publish format-standard has-post-thumbnail hentry category-le-parapente category-informations-generales-sur-le-parapente tag-comment-faire-du-parapente tag-formation-parapente tag-informations-sur-le-parapente tag-initiation-au-parapente tag-parapente-biplace tag-quest-ce-que-le-parapente tag-securite-en-parapente tag-sports-aeriens tag-sports-extremes tag-vol-en-parapente\"><div class=\"wpr-grid-item-inner\"><div class=\"wpr-grid-item-above-content elementor-clearfix\"><h2 class=\"wpr-grid-item-title elementor-repeater-item-04b0433 wpr-grid-item-display-block wpr-grid-item-align-left wpr-pointer-none wpr-pointer-line-fx wpr-pointer-fx-slide\"><div class=\"inner-block\"><a target=\"_self\" href=\"https:\/\/modextrem.com\/fr\/quest-ce-que-le-parapente-comment-le-pratiquer\/\">Qu&rsquo;est-ce que le parapente ? Comment le pratiquer ?<\/a><\/div><\/h2><\/div><div class=\"wpr-grid-media-wrap wpr-effect-size-medium \" data-overlay-link=\"yes\"><div class=\"wpr-grid-image-wrap\" data-src=\"https:\/\/modextrem.com\/wp-content\/uploads\/elementor\/thumbs\/Tekirdag-Ucmakdere-Yamac-Parasutu-646-rawxx0xyx2cloi5t9zqevef4cnoann5elmj6u0fmo8.jpg\" data-img-on-hover=\"\"  data-src-secondary=\"\"><img decoding=\"async\" data-no-lazy=\"1\" src=\"https:\/\/modextrem.com\/wp-content\/uploads\/elementor\/thumbs\/Tekirdag-Ucmakdere-Yamac-Parasutu-646-rawxx0xyx2cloi5t9zqevef4cnoann5elmj6u0fmo8.jpg\" alt=\"&quot;Tekirda\u011f yama\u00e7 para\u015f\u00fct\u00fc deneyimi s\u0131ras\u0131nda g\u00f6ky\u00fcz\u00fcnde \u00f6zg\u00fcrl\u00fc\u011f\u00fc hissedin! U\u00e7makdere&#039;nin e\u015fsiz manzaralar\u0131 e\u015fli\u011finde adrenalin dolu anlar ya\u015fay\u0131n.&quot; Tekirda\u011f yama\u00e7 para\u015f\u00fct\u00fc kalk\u0131\u015f an\u0131\" class=\"wpr-anim-timing-ease-default\"><\/div><div class=\"wpr-grid-media-hover wpr-animation-wrap\"><div class=\"wpr-grid-media-hover-bg  wpr-overlay-fade-in wpr-anim-size-large wpr-anim-timing-ease-default wpr-anim-transparency\" data-url=\"https:\/\/modextrem.com\/fr\/quest-ce-que-le-parapente-comment-le-pratiquer\/\"><\/div><div class=\"wpr-cv-container\"><div class=\"wpr-cv-outer\"><div class=\"wpr-cv-inner\"><div class=\"wpr-grid-media-hover-middle elementor-clearfix\"><div class=\"wpr-grid-item-lightbox elementor-repeater-item-8944abd wpr-grid-item-display-block wpr-grid-item-align-center wpr-element-fade-in wpr-anim-size-large wpr-anim-timing-ease-default wpr-anim-transparency\"><div class=\"inner-block\"><span data-src=\"https:\/\/modextrem.com\/wp-content\/uploads\/2025\/06\/Tekirdag-Ucmakdere-Yamac-Parasutu-646.jpg\"><i class=\"fas fa-search\"><\/i><\/span><div class=\"wpr-grid-lightbox-overlay\"><\/div><\/div><\/div><\/div><\/div><\/div><\/div><\/div><\/div><div class=\"wpr-grid-item-below-content elementor-clearfix\"><div class=\"wpr-grid-item-excerpt elementor-repeater-item-5241605 wpr-grid-item-display-block wpr-grid-item-align-left\"><div class=\"inner-block\"><p>Le parapente est un sport a\u00e9rien en pleine nature et riche en adr\u00e9naline. Pratiqu\u00e9 depuis des collines \u00e9lev\u00e9es comme U\u00e7makdere,...<\/p><\/div><\/div><div class=\"wpr-grid-item-read-more elementor-repeater-item-dc1027d wpr-grid-item-display-block wpr-grid-item-align-left\"><div class=\"inner-block\"><a target=\"_self\" href=\"https:\/\/modextrem.com\/fr\/quest-ce-que-le-parapente-comment-le-pratiquer\/\" class=\"wpr-button-effect wpr-button-none\"><span class=\"wpr-grid-extra-icon-left\"><svg aria-hidden=\"true\" class=\"e-font-icon-svg e-fas-external-link-alt\" viewBox=\"0 0 512 512\" xmlns=\"http:\/\/www.w3.org\/2000\/svg\"><path d=\"M432,320H400a16,16,0,0,0-16,16V448H64V128H208a16,16,0,0,0,16-16V80a16,16,0,0,0-16-16H48A48,48,0,0,0,0,112V464a48,48,0,0,0,48,48H400a48,48,0,0,0,48-48V336A16,16,0,0,0,432,320ZM488,0h-128c-21.37,0-32.05,25.91-17,41l35.73,35.73L135,320.37a24,24,0,0,0,0,34L157.67,377a24,24,0,0,0,34,0L435.28,133.32,471,169c15,15,41,4.5,41-17V24A24,24,0,0,0,488,0Z\"><\/path><\/svg><\/span><span>LIRE LA SUITE<\/span><\/a><\/div><\/div><\/div><\/div><\/article><article class=\"wpr-grid-item elementor-clearfix post-4002 post type-post status-publish format-standard has-post-thumbnail hentry category-le-parapente category-formation-de-parapente tag-comment-faire-un-vol-thermique tag-courant-dair-thermique-parapente tag-formation-vol-thermique-parapente tag-meteorologie-parapente tag-quest-ce-quun-vol-thermique tag-technique-de-montee-en-parapente tag-thermique-parapente tag-vol-de-cross-country tag-vol-de-parapente-avance tag-vol-thermique-en-parapente\"><div class=\"wpr-grid-item-inner\"><div class=\"wpr-grid-item-above-content elementor-clearfix\"><h2 class=\"wpr-grid-item-title elementor-repeater-item-04b0433 wpr-grid-item-display-block wpr-grid-item-align-left wpr-pointer-none wpr-pointer-line-fx wpr-pointer-fx-slide\"><div class=\"inner-block\"><a target=\"_self\" href=\"https:\/\/modextrem.com\/fr\/quest-ce-que-le-vol-thermique-en-parapente\/\">Qu&rsquo;est-ce que le vol thermique en parapente ?<\/a><\/div><\/h2><\/div><div class=\"wpr-grid-media-wrap wpr-effect-size-medium \" data-overlay-link=\"yes\"><div class=\"wpr-grid-image-wrap\" data-src=\"https:\/\/modextrem.com\/wp-content\/uploads\/elementor\/thumbs\/611ead_4cac797fe44b4d46b444d1f54d16d6e5mv2-ra4cl60czho7a5v4gw628tfkgladziygw5g4ppixs8.webp\" data-img-on-hover=\"\"  data-src-secondary=\"\"><img decoding=\"async\" data-no-lazy=\"1\" src=\"https:\/\/modextrem.com\/wp-content\/uploads\/elementor\/thumbs\/611ead_4cac797fe44b4d46b444d1f54d16d6e5mv2-ra4cl60czho7a5v4gw628tfkgladziygw5g4ppixs8.webp\" alt=\"Yama\u00e7 Para\u015f\u00fct\u00fc Termik U\u00e7u\u015fu ve Termallerin y\u00fckseli\u015fi\" class=\"wpr-anim-timing-ease-default\"><\/div><div class=\"wpr-grid-media-hover wpr-animation-wrap\"><div class=\"wpr-grid-media-hover-bg  wpr-overlay-fade-in wpr-anim-size-large wpr-anim-timing-ease-default wpr-anim-transparency\" data-url=\"https:\/\/modextrem.com\/fr\/quest-ce-que-le-vol-thermique-en-parapente\/\"><\/div><div class=\"wpr-cv-container\"><div class=\"wpr-cv-outer\"><div class=\"wpr-cv-inner\"><div class=\"wpr-grid-media-hover-middle elementor-clearfix\"><div class=\"wpr-grid-item-lightbox elementor-repeater-item-8944abd wpr-grid-item-display-block wpr-grid-item-align-center wpr-element-fade-in wpr-anim-size-large wpr-anim-timing-ease-default wpr-anim-transparency\"><div class=\"inner-block\"><span data-src=\"https:\/\/modextrem.com\/wp-content\/uploads\/2025\/06\/611ead_4cac797fe44b4d46b444d1f54d16d6e5mv2.webp\"><i class=\"fas fa-search\"><\/i><\/span><div class=\"wpr-grid-lightbox-overlay\"><\/div><\/div><\/div><\/div><\/div><\/div><\/div><\/div><\/div><div class=\"wpr-grid-item-below-content elementor-clearfix\"><div class=\"wpr-grid-item-excerpt elementor-repeater-item-5241605 wpr-grid-item-display-block wpr-grid-item-align-left\"><div class=\"inner-block\"><p>Les thermiques sont des colonnes d&#039;air ascendantes form\u00e9es par le r\u00e9chauffement de la surface de la Terre par les rayons...<\/p><\/div><\/div><div class=\"wpr-grid-item-read-more elementor-repeater-item-dc1027d wpr-grid-item-display-block wpr-grid-item-align-left\"><div class=\"inner-block\"><a target=\"_self\" href=\"https:\/\/modextrem.com\/fr\/quest-ce-que-le-vol-thermique-en-parapente\/\" class=\"wpr-button-effect wpr-button-none\"><span class=\"wpr-grid-extra-icon-left\"><svg aria-hidden=\"true\" class=\"e-font-icon-svg e-fas-external-link-alt\" viewBox=\"0 0 512 512\" xmlns=\"http:\/\/www.w3.org\/2000\/svg\"><path d=\"M432,320H400a16,16,0,0,0-16,16V448H64V128H208a16,16,0,0,0,16-16V80a16,16,0,0,0-16-16H48A48,48,0,0,0,0,112V464a48,48,0,0,0,48,48H400a48,48,0,0,0,48-48V336A16,16,0,0,0,432,320ZM488,0h-128c-21.37,0-32.05,25.91-17,41l35.73,35.73L135,320.37a24,24,0,0,0,0,34L157.67,377a24,24,0,0,0,34,0L435.28,133.32,471,169c15,15,41,4.5,41-17V24A24,24,0,0,0,488,0Z\"><\/path><\/svg><\/span><span>LIRE LA SUITE<\/span><\/a><\/div><\/div><\/div><\/div><\/article><article class=\"wpr-grid-item elementor-clearfix post-3892 post type-post status-publish format-standard has-post-thumbnail hentry category-le-parapente category-parapente-a-ucmakdere tag-choix-piste-parapente tag-comparaison-pistes-ucmakdere tag-meilleure-piste-ucmakdere tag-piste-ucmakdere-250-m tag-piste-ucmakdere-650-m tag-pistes-de-parapente-ucmakdere tag-pistes-de-vol-ucmakdere tag-quelle-piste-ucmakdere tag-recommandation-piste-ucmakdere tag-suggestion-piste-tandem-ucmakdere\"><div class=\"wpr-grid-item-inner\"><div class=\"wpr-grid-item-above-content elementor-clearfix\"><h2 class=\"wpr-grid-item-title elementor-repeater-item-04b0433 wpr-grid-item-display-block wpr-grid-item-align-left wpr-pointer-none wpr-pointer-line-fx wpr-pointer-fx-slide\"><div class=\"inner-block\"><a target=\"_self\" href=\"https:\/\/modextrem.com\/fr\/quelle-piste-recommandons-nous-a-ucmakdere\/\">Quelle piste recommandons-nous \u00e0 U\u00e7makdere ?<\/a><\/div><\/h2><\/div><div class=\"wpr-grid-media-wrap wpr-effect-size-medium \" data-overlay-link=\"yes\"><div class=\"wpr-grid-image-wrap\" data-src=\"https:\/\/modextrem.com\/wp-content\/uploads\/elementor\/thumbs\/Tekirdag-Ucmakdere-Pistler-scaled-ramj0eq8x0hyesr11i7a8q3f5ss64xiknknixy03ns.jpg\" data-img-on-hover=\"\"  data-src-secondary=\"\"><img decoding=\"async\" data-no-lazy=\"1\" src=\"https:\/\/modextrem.com\/wp-content\/uploads\/elementor\/thumbs\/Tekirdag-Ucmakdere-Pistler-scaled-ramj0eq8x0hyesr11i7a8q3f5ss64xiknknixy03ns.jpg\" alt=\"Tekirda\u011f U\u00e7makdere Yama\u00e7 Para\u015f\u00fct\u00fc Pistleri 250 METRE 650 METRE\" class=\"wpr-anim-timing-ease-default\"><\/div><div class=\"wpr-grid-media-hover wpr-animation-wrap\"><div class=\"wpr-grid-media-hover-bg  wpr-overlay-fade-in wpr-anim-size-large wpr-anim-timing-ease-default wpr-anim-transparency\" data-url=\"https:\/\/modextrem.com\/fr\/quelle-piste-recommandons-nous-a-ucmakdere\/\"><\/div><div class=\"wpr-cv-container\"><div class=\"wpr-cv-outer\"><div class=\"wpr-cv-inner\"><div class=\"wpr-grid-media-hover-middle elementor-clearfix\"><div class=\"wpr-grid-item-lightbox elementor-repeater-item-8944abd wpr-grid-item-display-block wpr-grid-item-align-center wpr-element-fade-in wpr-anim-size-large wpr-anim-timing-ease-default wpr-anim-transparency\"><div class=\"inner-block\"><span data-src=\"https:\/\/modextrem.com\/wp-content\/uploads\/2025\/06\/Tekirdag-Ucmakdere-Pistler-scaled.jpg\"><i class=\"fas fa-search\"><\/i><\/span><div class=\"wpr-grid-lightbox-overlay\"><\/div><\/div><\/div><\/div><\/div><\/div><\/div><\/div><\/div><div class=\"wpr-grid-item-below-content elementor-clearfix\"><div class=\"wpr-grid-item-excerpt elementor-repeater-item-5241605 wpr-grid-item-display-block wpr-grid-item-align-left\"><div class=\"inner-block\"><p>U\u00e7makdere est l&#039;une des zones de vol les plus populaires de Turquie pour le parapente. On y trouve deux pistes...<\/p><\/div><\/div><div class=\"wpr-grid-item-read-more elementor-repeater-item-dc1027d wpr-grid-item-display-block wpr-grid-item-align-left\"><div class=\"inner-block\"><a target=\"_self\" href=\"https:\/\/modextrem.com\/fr\/quelle-piste-recommandons-nous-a-ucmakdere\/\" class=\"wpr-button-effect wpr-button-none\"><span class=\"wpr-grid-extra-icon-left\"><svg aria-hidden=\"true\" class=\"e-font-icon-svg e-fas-external-link-alt\" viewBox=\"0 0 512 512\" xmlns=\"http:\/\/www.w3.org\/2000\/svg\"><path d=\"M432,320H400a16,16,0,0,0-16,16V448H64V128H208a16,16,0,0,0,16-16V80a16,16,0,0,0-16-16H48A48,48,0,0,0,0,112V464a48,48,0,0,0,48,48H400a48,48,0,0,0,48-48V336A16,16,0,0,0,432,320ZM488,0h-128c-21.37,0-32.05,25.91-17,41l35.73,35.73L135,320.37a24,24,0,0,0,0,34L157.67,377a24,24,0,0,0,34,0L435.28,133.32,471,169c15,15,41,4.5,41-17V24A24,24,0,0,0,488,0Z\"><\/path><\/svg><\/span><span>LIRE LA SUITE<\/span><\/a><\/div><\/div><\/div><\/div><\/article><article class=\"wpr-grid-item elementor-clearfix post-4791 post type-post status-publish format-standard has-post-thumbnail hentry category-le-parapente category-informations-generales-sur-le-parapente tag-a-qui-le-parapente-nest-il-pas-adapte tag-admissibilite-au-parapente tag-conditions-de-participation-au-parapente tag-conditions-de-sante-pour-le-parapente tag-conditions-du-parapente-biplace tag-limite-dage-pour-le-parapente tag-limite-de-poids-pour-le-parapente tag-qui-ne-peut-pas-faire-de-parapente tag-regles-de-securite-du-parapente tag-risques-du-parapente\"><div class=\"wpr-grid-item-inner\"><div class=\"wpr-grid-item-above-content elementor-clearfix\"><h2 class=\"wpr-grid-item-title elementor-repeater-item-04b0433 wpr-grid-item-display-block wpr-grid-item-align-left wpr-pointer-none wpr-pointer-line-fx wpr-pointer-fx-slide\"><div class=\"inner-block\"><a target=\"_self\" href=\"https:\/\/modextrem.com\/fr\/qui-ne-peut-pas-faire-de-parapente-limites-de-poids-et-dage-pour-le-parapente\/\">Qui ne peut pas faire de parapente ? Limites de poids et d&rsquo;\u00e2ge pour le parapente.<\/a><\/div><\/h2><\/div><div class=\"wpr-grid-media-wrap wpr-effect-size-medium \" data-overlay-link=\"yes\"><div class=\"wpr-grid-image-wrap\" data-src=\"https:\/\/modextrem.com\/wp-content\/uploads\/elementor\/thumbs\/Tekirdag-Ucmakdere-Yamac-Parasutu-532-scaled-ravazro1jwiaolemxkf8d6xj1l30pywjydiemvn6o8.jpg\" data-img-on-hover=\"\"  data-src-secondary=\"\"><img decoding=\"async\" data-no-lazy=\"1\" src=\"https:\/\/modextrem.com\/wp-content\/uploads\/elementor\/thumbs\/Tekirdag-Ucmakdere-Yamac-Parasutu-532-scaled-ravazro1jwiaolemxkf8d6xj1l30pywjydiemvn6o8.jpg\" alt=\"Tekirda\u011f U\u00e7makdere yama\u00e7 para\u015f\u00fct\u00fc ini\u015fi\" class=\"wpr-anim-timing-ease-default\"><\/div><div class=\"wpr-grid-media-hover wpr-animation-wrap\"><div class=\"wpr-grid-media-hover-bg  wpr-overlay-fade-in wpr-anim-size-large wpr-anim-timing-ease-default wpr-anim-transparency\" data-url=\"https:\/\/modextrem.com\/fr\/qui-ne-peut-pas-faire-de-parapente-limites-de-poids-et-dage-pour-le-parapente\/\"><\/div><div class=\"wpr-cv-container\"><div class=\"wpr-cv-outer\"><div class=\"wpr-cv-inner\"><div class=\"wpr-grid-media-hover-middle elementor-clearfix\"><div class=\"wpr-grid-item-lightbox elementor-repeater-item-8944abd wpr-grid-item-display-block wpr-grid-item-align-center wpr-element-fade-in wpr-anim-size-large wpr-anim-timing-ease-default wpr-anim-transparency\"><div class=\"inner-block\"><span data-src=\"https:\/\/modextrem.com\/wp-content\/uploads\/2025\/06\/Tekirdag-Ucmakdere-Yamac-Parasutu-532-scaled.jpg\"><i class=\"fas fa-search\"><\/i><\/span><div class=\"wpr-grid-lightbox-overlay\"><\/div><\/div><\/div><\/div><\/div><\/div><\/div><\/div><\/div><div class=\"wpr-grid-item-below-content elementor-clearfix\"><div class=\"wpr-grid-item-excerpt elementor-repeater-item-5241605 wpr-grid-item-display-block wpr-grid-item-align-left\"><div class=\"inner-block\"><p>Le parapente est un sport a\u00e9rien palpitant, en pleine nature, qui procure un sentiment de libert\u00e9. Cependant, bien qu&#039;il s&#039;adresse...<\/p><\/div><\/div><div class=\"wpr-grid-item-read-more elementor-repeater-item-dc1027d wpr-grid-item-display-block wpr-grid-item-align-left\"><div class=\"inner-block\"><a target=\"_self\" href=\"https:\/\/modextrem.com\/fr\/qui-ne-peut-pas-faire-de-parapente-limites-de-poids-et-dage-pour-le-parapente\/\" class=\"wpr-button-effect wpr-button-none\"><span class=\"wpr-grid-extra-icon-left\"><svg aria-hidden=\"true\" class=\"e-font-icon-svg e-fas-external-link-alt\" viewBox=\"0 0 512 512\" xmlns=\"http:\/\/www.w3.org\/2000\/svg\"><path d=\"M432,320H400a16,16,0,0,0-16,16V448H64V128H208a16,16,0,0,0,16-16V80a16,16,0,0,0-16-16H48A48,48,0,0,0,0,112V464a48,48,0,0,0,48,48H400a48,48,0,0,0,48-48V336A16,16,0,0,0,432,320ZM488,0h-128c-21.37,0-32.05,25.91-17,41l35.73,35.73L135,320.37a24,24,0,0,0,0,34L157.67,377a24,24,0,0,0,34,0L435.28,133.32,471,169c15,15,41,4.5,41-17V24A24,24,0,0,0,488,0Z\"><\/path><\/svg><\/span><span>LIRE LA SUITE<\/span><\/a><\/div><\/div><\/div><\/div><\/article><article class=\"wpr-grid-item elementor-clearfix post-8147 post type-post status-publish format-standard has-post-thumbnail hentry category-le-parapente category-parapente-en-turquie tag-debuter-le-parapente-en-turquie tag-ecoles-de-parapente-en-turquie tag-formation-au-parapente-en-turquie tag-guide-des-sports-de-nature tag-guide-du-debutant-en-parapente-en-turquie tag-guide-du-parapente-en-turquie tag-itineraires-de-parapente-en-turquie tag-itineraires-de-sports-extremes tag-les-meilleurs-centres-de-parapente-en-turquie tag-les-meilleurs-sites-de-parapente tag-les-meilleurs-sites-de-parapente-en-turquie tag-les-regions-de-parapente-en-turquie tag-les-sites-de-parapente-en-turquie tag-les-sites-de-vol-en-parapente tag-ou-faire-du-parapente tag-parapente-a-boztepe-ordu tag-parapente-a-fethiye-en-turquie tag-parapente-a-oludeniz-en-turquie tag-parapente-a-pamukkale-en-turquie tag-parapente-au-mont-babadag tag-parapente-biplace-en-turquie tag-parapente-dans-la-region-de-marmara tag-parapente-en-turquie tag-prix-du-parapente-en-turquie-2026 tag-sports-aeriens tag-sports-aeriens-en-turquie tag-sports-dadrenaline-en-turquie tag-vacances-de-parapente-en-turquie tag-vol-en-parapente-biplace-en-turquie tag-vols-en-parapente-en-turquie\"><div class=\"wpr-grid-item-inner\"><div class=\"wpr-grid-item-above-content elementor-clearfix\"><h2 class=\"wpr-grid-item-title elementor-repeater-item-04b0433 wpr-grid-item-display-block wpr-grid-item-align-left wpr-pointer-none wpr-pointer-line-fx wpr-pointer-fx-slide\"><div class=\"inner-block\"><a target=\"_self\" href=\"https:\/\/modextrem.com\/fr\/sites-de-parapente-en-turquie-parapente-en-turquie\/\">Sites de parapente en Turquie | Parapente en Turquie<\/a><\/div><\/h2><\/div><div class=\"wpr-grid-media-wrap wpr-effect-size-medium \" data-overlay-link=\"yes\"><div class=\"wpr-grid-image-wrap\" data-src=\"https:\/\/modextrem.com\/wp-content\/uploads\/elementor\/thumbs\/Turkiyede-Yamac-Parasutu-Icin-En-Iyi-5-Yer-1-1024x576-1-rjebp7p7tq445r60bfdl7nozld7zq16irvml5r4vpk.webp\" data-img-on-hover=\"\"  data-src-secondary=\"\"><img decoding=\"async\" data-no-lazy=\"1\" src=\"https:\/\/modextrem.com\/wp-content\/uploads\/elementor\/thumbs\/Turkiyede-Yamac-Parasutu-Icin-En-Iyi-5-Yer-1-1024x576-1-rjebp7p7tq445r60bfdl7nozld7zq16irvml5r4vpk.webp\" alt=\"Fethiye Yama\u00e7 Para\u015f\u00fct\u00fc\" class=\"wpr-anim-timing-ease-default\"><\/div><div class=\"wpr-grid-media-hover wpr-animation-wrap\"><div class=\"wpr-grid-media-hover-bg  wpr-overlay-fade-in wpr-anim-size-large wpr-anim-timing-ease-default wpr-anim-transparency\" data-url=\"https:\/\/modextrem.com\/fr\/sites-de-parapente-en-turquie-parapente-en-turquie\/\"><\/div><div class=\"wpr-cv-container\"><div class=\"wpr-cv-outer\"><div class=\"wpr-cv-inner\"><div class=\"wpr-grid-media-hover-middle elementor-clearfix\"><div class=\"wpr-grid-item-lightbox elementor-repeater-item-8944abd wpr-grid-item-display-block wpr-grid-item-align-center wpr-element-fade-in wpr-anim-size-large wpr-anim-timing-ease-default wpr-anim-transparency\"><div class=\"inner-block\"><span data-src=\"https:\/\/modextrem.com\/wp-content\/uploads\/2026\/02\/Turkiyede-Yamac-Parasutu-Icin-En-Iyi-5-Yer-1-1024x576-1.webp\"><i class=\"fas fa-search\"><\/i><\/span><div class=\"wpr-grid-lightbox-overlay\"><\/div><\/div><\/div><\/div><\/div><\/div><\/div><\/div><\/div><div class=\"wpr-grid-item-below-content elementor-clearfix\"><div class=\"wpr-grid-item-excerpt elementor-repeater-item-5241605 wpr-grid-item-display-block wpr-grid-item-align-left\"><div class=\"inner-block\"><p>Avec sa g\u00e9ographie unique et ses conditions climatiques, la Turquie est l&#039;une des destinations les plus populaires au monde pour...<\/p><\/div><\/div><div class=\"wpr-grid-item-read-more elementor-repeater-item-dc1027d wpr-grid-item-display-block wpr-grid-item-align-left\"><div class=\"inner-block\"><a target=\"_self\" href=\"https:\/\/modextrem.com\/fr\/sites-de-parapente-en-turquie-parapente-en-turquie\/\" class=\"wpr-button-effect wpr-button-none\"><span class=\"wpr-grid-extra-icon-left\"><svg aria-hidden=\"true\" class=\"e-font-icon-svg e-fas-external-link-alt\" viewBox=\"0 0 512 512\" xmlns=\"http:\/\/www.w3.org\/2000\/svg\"><path d=\"M432,320H400a16,16,0,0,0-16,16V448H64V128H208a16,16,0,0,0,16-16V80a16,16,0,0,0-16-16H48A48,48,0,0,0,0,112V464a48,48,0,0,0,48,48H400a48,48,0,0,0,48-48V336A16,16,0,0,0,432,320ZM488,0h-128c-21.37,0-32.05,25.91-17,41l35.73,35.73L135,320.37a24,24,0,0,0,0,34L157.67,377a24,24,0,0,0,34,0L435.28,133.32,471,169c15,15,41,4.5,41-17V24A24,24,0,0,0,488,0Z\"><\/path><\/svg><\/span><span>LIRE LA SUITE<\/span><\/a><\/div><\/div><\/div><\/div><\/article><article class=\"wpr-grid-item elementor-clearfix post-4217 post type-post status-publish format-standard has-post-thumbnail hentry category-safari-en-quad tag-experience-atv-a-ucmakdere tag-liste-de-prix-safari-atv-2025 tag-offre-safari-atv-2025 tag-prix-activites-adrenaline-ucmakdere tag-prix-du-safari-atv-a-tekirdag tag-prix-tour-extreme-ucmakdere tag-tarifs-atv-ucmakdere-2025 tag-tarifs-safari-atv-ucmakdere-2025 tag-tarifs-safari-ucmakdere tag-tour-en-atv-a-tekirdag\"><div class=\"wpr-grid-item-inner\"><div class=\"wpr-grid-item-above-content elementor-clearfix\"><h2 class=\"wpr-grid-item-title elementor-repeater-item-04b0433 wpr-grid-item-display-block wpr-grid-item-align-left wpr-pointer-none wpr-pointer-line-fx wpr-pointer-fx-slide\"><div class=\"inner-block\"><a target=\"_self\" href=\"https:\/\/modextrem.com\/fr\/tarifs-safari-atv-ucmakdere-2025\/\">Tarifs Safari ATV U\u00e7makdere 2025<\/a><\/div><\/h2><\/div><div class=\"wpr-grid-media-wrap wpr-effect-size-medium \" data-overlay-link=\"yes\"><div class=\"wpr-grid-image-wrap\" data-src=\"https:\/\/modextrem.com\/wp-content\/uploads\/elementor\/thumbs\/Ucmakdere-Atv-Turu-3-scaled-rac3b87387jmbotxlo6au99g3eohpche452o15x9qg.jpg\" data-img-on-hover=\"\"  data-src-secondary=\"\"><img decoding=\"async\" data-no-lazy=\"1\" src=\"https:\/\/modextrem.com\/wp-content\/uploads\/elementor\/thumbs\/Ucmakdere-Atv-Turu-3-scaled-rac3b87387jmbotxlo6au99g3eohpche452o15x9qg.jpg\" alt=\"U\u00e7makdere Atv Turu (3)\" class=\"wpr-anim-timing-ease-default\"><\/div><div class=\"wpr-grid-media-hover wpr-animation-wrap\"><div class=\"wpr-grid-media-hover-bg  wpr-overlay-fade-in wpr-anim-size-large wpr-anim-timing-ease-default wpr-anim-transparency\" data-url=\"https:\/\/modextrem.com\/fr\/tarifs-safari-atv-ucmakdere-2025\/\"><\/div><div class=\"wpr-cv-container\"><div class=\"wpr-cv-outer\"><div class=\"wpr-cv-inner\"><div class=\"wpr-grid-media-hover-middle elementor-clearfix\"><div class=\"wpr-grid-item-lightbox elementor-repeater-item-8944abd wpr-grid-item-display-block wpr-grid-item-align-center wpr-element-fade-in wpr-anim-size-large wpr-anim-timing-ease-default wpr-anim-transparency\"><div class=\"inner-block\"><span data-src=\"https:\/\/modextrem.com\/wp-content\/uploads\/2025\/08\/Ucmakdere-Atv-Turu-3-scaled.jpg\"><i class=\"fas fa-search\"><\/i><\/span><div class=\"wpr-grid-lightbox-overlay\"><\/div><\/div><\/div><\/div><\/div><\/div><\/div><\/div><\/div><div class=\"wpr-grid-item-below-content elementor-clearfix\"><div class=\"wpr-grid-item-excerpt elementor-repeater-item-5241605 wpr-grid-item-display-block wpr-grid-item-align-left\"><div class=\"inner-block\"><p>Tarifs Safari ATV U\u00e7makdere 2025 BLOG Prix des Tours ATV U\u00e7makdere 2025 Pour ceux qui souhaitent vivre une exp\u00e9rience pleine...<\/p><\/div><\/div><div class=\"wpr-grid-item-read-more elementor-repeater-item-dc1027d wpr-grid-item-display-block wpr-grid-item-align-left\"><div class=\"inner-block\"><a target=\"_self\" href=\"https:\/\/modextrem.com\/fr\/tarifs-safari-atv-ucmakdere-2025\/\" class=\"wpr-button-effect wpr-button-none\"><span class=\"wpr-grid-extra-icon-left\"><svg aria-hidden=\"true\" class=\"e-font-icon-svg e-fas-external-link-alt\" viewBox=\"0 0 512 512\" xmlns=\"http:\/\/www.w3.org\/2000\/svg\"><path d=\"M432,320H400a16,16,0,0,0-16,16V448H64V128H208a16,16,0,0,0,16-16V80a16,16,0,0,0-16-16H48A48,48,0,0,0,0,112V464a48,48,0,0,0,48,48H400a48,48,0,0,0,48-48V336A16,16,0,0,0,432,320ZM488,0h-128c-21.37,0-32.05,25.91-17,41l35.73,35.73L135,320.37a24,24,0,0,0,0,34L157.67,377a24,24,0,0,0,34,0L435.28,133.32,471,169c15,15,41,4.5,41-17V24A24,24,0,0,0,488,0Z\"><\/path><\/svg><\/span><span>LIRE LA SUITE<\/span><\/a><\/div><\/div><\/div><\/div><\/article><article class=\"wpr-grid-item elementor-clearfix post-4029 post type-post status-publish format-standard has-post-thumbnail hentry category-le-parapente category-parapente-a-ucmakdere tag-forfaits-de-vol-ucmakdere tag-options-de-tours-de-parapente tag-tours-daventure-ucmakdere tag-tours-de-parachute-ucmakdere tag-tours-de-parapente-tekirdag tag-tours-de-parapente-ucmakdere tag-tours-de-sports-aeriens-ucmakdere tag-tours-de-vol-en-tandem-ucmakdere tag-tours-extremes-ucmakdere\"><div class=\"wpr-grid-item-inner\"><div class=\"wpr-grid-item-above-content elementor-clearfix\"><h2 class=\"wpr-grid-item-title elementor-repeater-item-04b0433 wpr-grid-item-display-block wpr-grid-item-align-left wpr-pointer-none wpr-pointer-line-fx wpr-pointer-fx-slide\"><div class=\"inner-block\"><a target=\"_self\" href=\"https:\/\/modextrem.com\/fr\/tours-de-parapente-a-ucmakdere\/\">Tours de parapente \u00e0 U\u00e7makdere<\/a><\/div><\/h2><\/div><div class=\"wpr-grid-media-wrap wpr-effect-size-medium \" data-overlay-link=\"yes\"><div class=\"wpr-grid-image-wrap\" data-src=\"https:\/\/modextrem.com\/wp-content\/uploads\/elementor\/thumbs\/Tekirdag-Ucmakdere-Yamac-Parasutu-30-scaled-ramkfwbzaazedtykdrfktqcelmzzs1x92f51blnqtk.jpeg\" data-img-on-hover=\"\"  data-src-secondary=\"\"><img decoding=\"async\" data-no-lazy=\"1\" src=\"https:\/\/modextrem.com\/wp-content\/uploads\/elementor\/thumbs\/Tekirdag-Ucmakdere-Yamac-Parasutu-30-scaled-ramkfwbzaazedtykdrfktqcelmzzs1x92f51blnqtk.jpeg\" alt=\"Tekirda\u011f U\u00e7makdere Yama\u00e7 Para\u015f\u00fct\u00fc (10)\" class=\"wpr-anim-timing-ease-default\"><\/div><div class=\"wpr-grid-media-hover wpr-animation-wrap\"><div class=\"wpr-grid-media-hover-bg  wpr-overlay-fade-in wpr-anim-size-large wpr-anim-timing-ease-default wpr-anim-transparency\" data-url=\"https:\/\/modextrem.com\/fr\/tours-de-parapente-a-ucmakdere\/\"><\/div><div class=\"wpr-cv-container\"><div class=\"wpr-cv-outer\"><div class=\"wpr-cv-inner\"><div class=\"wpr-grid-media-hover-middle elementor-clearfix\"><div class=\"wpr-grid-item-lightbox elementor-repeater-item-8944abd wpr-grid-item-display-block wpr-grid-item-align-center wpr-element-fade-in wpr-anim-size-large wpr-anim-timing-ease-default wpr-anim-transparency\"><div class=\"inner-block\"><span data-src=\"https:\/\/modextrem.com\/wp-content\/uploads\/2025\/06\/Tekirdag-Ucmakdere-Yamac-Parasutu-30-scaled.jpeg\"><i class=\"fas fa-search\"><\/i><\/span><div class=\"wpr-grid-lightbox-overlay\"><\/div><\/div><\/div><\/div><\/div><\/div><\/div><\/div><\/div><div class=\"wpr-grid-item-below-content elementor-clearfix\"><div class=\"wpr-grid-item-excerpt elementor-repeater-item-5241605 wpr-grid-item-display-block wpr-grid-item-align-left\"><div class=\"inner-block\"><p>En tant que Mod Extrem, nous n&#039;organisons pas directement de tours de parapente \u00e0 U\u00e7makdere. Cependant, pour nos clients qui...<\/p><\/div><\/div><div class=\"wpr-grid-item-read-more elementor-repeater-item-dc1027d wpr-grid-item-display-block wpr-grid-item-align-left\"><div class=\"inner-block\"><a target=\"_self\" href=\"https:\/\/modextrem.com\/fr\/tours-de-parapente-a-ucmakdere\/\" class=\"wpr-button-effect wpr-button-none\"><span class=\"wpr-grid-extra-icon-left\"><svg aria-hidden=\"true\" class=\"e-font-icon-svg e-fas-external-link-alt\" viewBox=\"0 0 512 512\" xmlns=\"http:\/\/www.w3.org\/2000\/svg\"><path d=\"M432,320H400a16,16,0,0,0-16,16V448H64V128H208a16,16,0,0,0,16-16V80a16,16,0,0,0-16-16H48A48,48,0,0,0,0,112V464a48,48,0,0,0,48,48H400a48,48,0,0,0,48-48V336A16,16,0,0,0,432,320ZM488,0h-128c-21.37,0-32.05,25.91-17,41l35.73,35.73L135,320.37a24,24,0,0,0,0,34L157.67,377a24,24,0,0,0,34,0L435.28,133.32,471,169c15,15,41,4.5,41-17V24A24,24,0,0,0,488,0Z\"><\/path><\/svg><\/span><span>LIRE LA SUITE<\/span><\/a><\/div><\/div><\/div><\/div><\/article><article class=\"wpr-grid-item elementor-clearfix post-8282 post type-post status-publish format-standard has-post-thumbnail hentry category-safari-en-quad tag-activites-ucmakdere tag-activites-week-end-a-tekirdag tag-camping-et-activites-ucmakdere tag-guide-de-voyage-ucmakdere tag-parapente-a-ucmakdere tag-safari-vtt-pres-distanbul tag-safari-vtt-sarkoy tag-safari-vtt-tekirdag tag-sports-daventure-tekirdag tag-sports-nature-ucmakdere tag-tarifs-safari-vtt tag-tour-vtt-ucmakdere tag-tourisme-a-tekirdag tag-tours-vtt-thrace tag-vtt-ganos\"><div class=\"wpr-grid-item-inner\"><div class=\"wpr-grid-item-above-content elementor-clearfix\"><h2 class=\"wpr-grid-item-title elementor-repeater-item-04b0433 wpr-grid-item-display-block wpr-grid-item-align-left wpr-pointer-none wpr-pointer-line-fx wpr-pointer-fx-slide\"><div class=\"inner-block\"><a target=\"_self\" href=\"https:\/\/modextrem.com\/fr\/tours-de-safari-en-quad-a-ucmakdere-tekirdag\/\">Tours de safari en quad \u00e0 U\u00e7makdere, Tekirda\u011f<\/a><\/div><\/h2><\/div><div class=\"wpr-grid-media-wrap wpr-effect-size-medium \" data-overlay-link=\"yes\"><div class=\"wpr-grid-image-wrap\" data-src=\"https:\/\/modextrem.com\/wp-content\/uploads\/elementor\/thumbs\/Ucmakdere-atv-safari-9-rac2wdcx7h7gtketcqzkxi8635wn1ki4elvdypya2w.jpg\" data-img-on-hover=\"\"  data-src-secondary=\"\"><img decoding=\"async\" data-no-lazy=\"1\" src=\"https:\/\/modextrem.com\/wp-content\/uploads\/elementor\/thumbs\/Ucmakdere-atv-safari-9-rac2wdcx7h7gtketcqzkxi8635wn1ki4elvdypya2w.jpg\" alt=\"U\u00e7makdere atv safari (9)\" class=\"wpr-anim-timing-ease-default\"><\/div><div class=\"wpr-grid-media-hover wpr-animation-wrap\"><div class=\"wpr-grid-media-hover-bg  wpr-overlay-fade-in wpr-anim-size-large wpr-anim-timing-ease-default wpr-anim-transparency\" data-url=\"https:\/\/modextrem.com\/fr\/tours-de-safari-en-quad-a-ucmakdere-tekirdag\/\"><\/div><div class=\"wpr-cv-container\"><div class=\"wpr-cv-outer\"><div class=\"wpr-cv-inner\"><div class=\"wpr-grid-media-hover-middle elementor-clearfix\"><div class=\"wpr-grid-item-lightbox elementor-repeater-item-8944abd wpr-grid-item-display-block wpr-grid-item-align-center wpr-element-fade-in wpr-anim-size-large wpr-anim-timing-ease-default wpr-anim-transparency\"><div class=\"inner-block\"><span data-src=\"https:\/\/modextrem.com\/wp-content\/uploads\/2025\/08\/Ucmakdere-atv-safari-9.jpg\"><i class=\"fas fa-search\"><\/i><\/span><div class=\"wpr-grid-lightbox-overlay\"><\/div><\/div><\/div><\/div><\/div><\/div><\/div><\/div><\/div><div class=\"wpr-grid-item-below-content elementor-clearfix\"><div class=\"wpr-grid-item-excerpt elementor-repeater-item-5241605 wpr-grid-item-display-block wpr-grid-item-align-left\"><div class=\"inner-block\"><p>TOUR EN VTT AUX GANOS Une exp\u00e9rience pleine d&rsquo;aventure R\u00c9SERVEZ VOTRE BILLET MAINTENANT Tour en VTT \u00e0 U\u00e7makdere Un voyage...<\/p><\/div><\/div><div class=\"wpr-grid-item-read-more elementor-repeater-item-dc1027d wpr-grid-item-display-block wpr-grid-item-align-left\"><div class=\"inner-block\"><a target=\"_self\" href=\"https:\/\/modextrem.com\/fr\/tours-de-safari-en-quad-a-ucmakdere-tekirdag\/\" class=\"wpr-button-effect wpr-button-none\"><span class=\"wpr-grid-extra-icon-left\"><svg aria-hidden=\"true\" class=\"e-font-icon-svg e-fas-external-link-alt\" viewBox=\"0 0 512 512\" xmlns=\"http:\/\/www.w3.org\/2000\/svg\"><path d=\"M432,320H400a16,16,0,0,0-16,16V448H64V128H208a16,16,0,0,0,16-16V80a16,16,0,0,0-16-16H48A48,48,0,0,0,0,112V464a48,48,0,0,0,48,48H400a48,48,0,0,0,48-48V336A16,16,0,0,0,432,320ZM488,0h-128c-21.37,0-32.05,25.91-17,41l35.73,35.73L135,320.37a24,24,0,0,0,0,34L157.67,377a24,24,0,0,0,34,0L435.28,133.32,471,169c15,15,41,4.5,41-17V24A24,24,0,0,0,488,0Z\"><\/path><\/svg><\/span><span>LIRE LA SUITE<\/span><\/a><\/div><\/div><\/div><\/div><\/article><article class=\"wpr-grid-item elementor-clearfix post-4739 post type-post status-publish format-standard has-post-thumbnail hentry category-parapente-a-ucmakdere category-le-parapente tag-activites-a-ucmakdere tag-aventure-a-ucmakdere tag-experience-de-vol-a-ucmakdere tag-le-parapente-est-il-sur tag-parapente-a-ucmakdere tag-parapente-biplace tag-parapente-biplace-a-ucmakdere tag-parapente-pres-distanbul tag-parapente-tekirdag tag-premiere-experience-de-parapente tag-sports-extremes-a-ucmakdere\"><div class=\"wpr-grid-item-inner\"><div class=\"wpr-grid-item-above-content elementor-clearfix\"><h2 class=\"wpr-grid-item-title elementor-repeater-item-04b0433 wpr-grid-item-display-block wpr-grid-item-align-left wpr-pointer-none wpr-pointer-line-fx wpr-pointer-fx-slide\"><div class=\"inner-block\"><a target=\"_self\" href=\"https:\/\/modextrem.com\/fr\/tout-ce-que-tu-dois-savoir-pour-ton-premier-parapente-a-ucmakdere\/\">Tout ce que tu dois savoir pour ton premier parapente \u00e0 U\u00e7makdere<\/a><\/div><\/h2><\/div><div class=\"wpr-grid-media-wrap wpr-effect-size-medium \" data-overlay-link=\"yes\"><div class=\"wpr-grid-image-wrap\" data-src=\"https:\/\/modextrem.com\/wp-content\/uploads\/elementor\/thumbs\/Yamac-Parasutu-26-ra4clegwozzs6niu3htpd9apt24owsw1xbbi176e88.jpg\" data-img-on-hover=\"\"  data-src-secondary=\"\"><img decoding=\"async\" data-no-lazy=\"1\" src=\"https:\/\/modextrem.com\/wp-content\/uploads\/elementor\/thumbs\/Yamac-Parasutu-26-ra4clegwozzs6niu3htpd9apt24owsw1xbbi176e88.jpg\" alt=\"Yama\u00e7 Para\u015f\u00fct\u00fc (26)\" class=\"wpr-anim-timing-ease-default\"><\/div><div class=\"wpr-grid-media-hover wpr-animation-wrap\"><div class=\"wpr-grid-media-hover-bg  wpr-overlay-fade-in wpr-anim-size-large wpr-anim-timing-ease-default wpr-anim-transparency\" data-url=\"https:\/\/modextrem.com\/fr\/tout-ce-que-tu-dois-savoir-pour-ton-premier-parapente-a-ucmakdere\/\"><\/div><div class=\"wpr-cv-container\"><div class=\"wpr-cv-outer\"><div class=\"wpr-cv-inner\"><div class=\"wpr-grid-media-hover-middle elementor-clearfix\"><div class=\"wpr-grid-item-lightbox elementor-repeater-item-8944abd wpr-grid-item-display-block wpr-grid-item-align-center wpr-element-fade-in wpr-anim-size-large wpr-anim-timing-ease-default wpr-anim-transparency\"><div class=\"inner-block\"><span data-src=\"https:\/\/modextrem.com\/wp-content\/uploads\/2025\/06\/Yamac-Parasutu-26.jpg\"><i class=\"fas fa-search\"><\/i><\/span><div class=\"wpr-grid-lightbox-overlay\"><\/div><\/div><\/div><\/div><\/div><\/div><\/div><\/div><\/div><div class=\"wpr-grid-item-below-content elementor-clearfix\"><div class=\"wpr-grid-item-excerpt elementor-repeater-item-5241605 wpr-grid-item-display-block wpr-grid-item-align-left\"><div class=\"inner-block\"><p>U\u00e7makdere est l&#039;un des sites les plus populaires en Turquie pour le parapente. Sa proximit\u00e9 avec Istanbul, ses paysages et...<\/p><\/div><\/div><div class=\"wpr-grid-item-read-more elementor-repeater-item-dc1027d wpr-grid-item-display-block wpr-grid-item-align-left\"><div class=\"inner-block\"><a target=\"_self\" href=\"https:\/\/modextrem.com\/fr\/tout-ce-que-tu-dois-savoir-pour-ton-premier-parapente-a-ucmakdere\/\" class=\"wpr-button-effect wpr-button-none\"><span class=\"wpr-grid-extra-icon-left\"><svg aria-hidden=\"true\" class=\"e-font-icon-svg e-fas-external-link-alt\" viewBox=\"0 0 512 512\" xmlns=\"http:\/\/www.w3.org\/2000\/svg\"><path d=\"M432,320H400a16,16,0,0,0-16,16V448H64V128H208a16,16,0,0,0,16-16V80a16,16,0,0,0-16-16H48A48,48,0,0,0,0,112V464a48,48,0,0,0,48,48H400a48,48,0,0,0,48-48V336A16,16,0,0,0,432,320ZM488,0h-128c-21.37,0-32.05,25.91-17,41l35.73,35.73L135,320.37a24,24,0,0,0,0,34L157.67,377a24,24,0,0,0,34,0L435.28,133.32,471,169c15,15,41,4.5,41-17V24A24,24,0,0,0,488,0Z\"><\/path><\/svg><\/span><span>LIRE LA SUITE<\/span><\/a><\/div><\/div><\/div><\/div><\/article><article class=\"wpr-grid-item elementor-clearfix post-4177 post type-post status-publish format-standard has-post-thumbnail hentry category-tekirdag category-ucmakdere tag-cote-ducmakdere tag-histoire-ducmakdere tag-lieux-a-visiter-a-ucmakdere tag-nature-ducmakdere tag-ou-se-trouve-ucmakdere tag-tourisme-a-ucmakdere tag-ucmakdere tag-vie-de-village-a-ucmakdere tag-village-ducmakdere tag-village-ducmakdere-a-tekirdag\"><div class=\"wpr-grid-item-inner\"><div class=\"wpr-grid-item-above-content elementor-clearfix\"><h2 class=\"wpr-grid-item-title elementor-repeater-item-04b0433 wpr-grid-item-display-block wpr-grid-item-align-left wpr-pointer-none wpr-pointer-line-fx wpr-pointer-fx-slide\"><div class=\"inner-block\"><a target=\"_self\" href=\"https:\/\/modextrem.com\/fr\/village-ducmakdere\/\">Village d&rsquo;U\u00e7makdere<\/a><\/div><\/h2><\/div><div class=\"wpr-grid-media-wrap wpr-effect-size-medium \" data-overlay-link=\"yes\"><div class=\"wpr-grid-image-wrap\" data-src=\"https:\/\/modextrem.com\/wp-content\/uploads\/elementor\/thumbs\/Ucmakdere-Koyu-e1750833159580-ra4cl8tvjzs28zr10fdxyapy8qwhmm9nwjel5jer9k.jpg\" data-img-on-hover=\"\"  data-src-secondary=\"\"><img decoding=\"async\" data-no-lazy=\"1\" src=\"https:\/\/modextrem.com\/wp-content\/uploads\/elementor\/thumbs\/Ucmakdere-Koyu-e1750833159580-ra4cl8tvjzs28zr10fdxyapy8qwhmm9nwjel5jer9k.jpg\" alt=\"U\u00e7makdere atv safari (11)\" class=\"wpr-anim-timing-ease-default\"><\/div><div class=\"wpr-grid-media-hover wpr-animation-wrap\"><div class=\"wpr-grid-media-hover-bg  wpr-overlay-fade-in wpr-anim-size-large wpr-anim-timing-ease-default wpr-anim-transparency\" data-url=\"https:\/\/modextrem.com\/fr\/village-ducmakdere\/\"><\/div><div class=\"wpr-cv-container\"><div class=\"wpr-cv-outer\"><div class=\"wpr-cv-inner\"><div class=\"wpr-grid-media-hover-middle elementor-clearfix\"><div class=\"wpr-grid-item-lightbox elementor-repeater-item-8944abd wpr-grid-item-display-block wpr-grid-item-align-center wpr-element-fade-in wpr-anim-size-large wpr-anim-timing-ease-default wpr-anim-transparency\"><div class=\"inner-block\"><span data-src=\"https:\/\/modextrem.com\/wp-content\/uploads\/2025\/06\/Ucmakdere-Koyu-e1750833159580.jpg\"><i class=\"fas fa-search\"><\/i><\/span><div class=\"wpr-grid-lightbox-overlay\"><\/div><\/div><\/div><\/div><\/div><\/div><\/div><\/div><\/div><div class=\"wpr-grid-item-below-content elementor-clearfix\"><div class=\"wpr-grid-item-excerpt elementor-repeater-item-5241605 wpr-grid-item-display-block wpr-grid-item-align-left\"><div class=\"inner-block\"><p>Un paradis cach\u00e9 sur la c\u00f4te de la mer de Marmara, rattach\u00e9 au district de \u015eark\u00f6y \u00e0 Tekirda\u011f : le...<\/p><\/div><\/div><div class=\"wpr-grid-item-read-more elementor-repeater-item-dc1027d wpr-grid-item-display-block wpr-grid-item-align-left\"><div class=\"inner-block\"><a target=\"_self\" href=\"https:\/\/modextrem.com\/fr\/village-ducmakdere\/\" class=\"wpr-button-effect wpr-button-none\"><span class=\"wpr-grid-extra-icon-left\"><svg aria-hidden=\"true\" class=\"e-font-icon-svg e-fas-external-link-alt\" viewBox=\"0 0 512 512\" xmlns=\"http:\/\/www.w3.org\/2000\/svg\"><path d=\"M432,320H400a16,16,0,0,0-16,16V448H64V128H208a16,16,0,0,0,16-16V80a16,16,0,0,0-16-16H48A48,48,0,0,0,0,112V464a48,48,0,0,0,48,48H400a48,48,0,0,0,48-48V336A16,16,0,0,0,432,320ZM488,0h-128c-21.37,0-32.05,25.91-17,41l35.73,35.73L135,320.37a24,24,0,0,0,0,34L157.67,377a24,24,0,0,0,34,0L435.28,133.32,471,169c15,15,41,4.5,41-17V24A24,24,0,0,0,488,0Z\"><\/path><\/svg><\/span><span>LIRE LA SUITE<\/span><\/a><\/div><\/div><\/div><\/div><\/article><\/section>\t\t\t\t<\/div>\n\t\t\t\t<\/div>\n\t\t\t\t\t<\/div>\n\t\t<\/div>\n\t\t\t\t\t<\/div>\n\t\t<\/section>\n\t\t\t\t<\/div>\n\t\t","protected":false},"excerpt":{"rendered":"<p>BLOG Sur cette page de blog, tu trouveras les contenus les plus r\u00e9cents, des conseils et des guides sur la r\u00e9gion concernant l&rsquo;exp\u00e9rience de parapente \u00e0 U\u00e7makdere. Des informations avant le vol aux beaut\u00e9s naturelles de la r\u00e9gion, nous partageons ici tout ce que tu te demandes. Atv Safari Tekirda\u011f Yama\u00e7 Para\u015f\u00fct\u00fc \u00c7atalca Ormanl\u0131&#8217;da Yama\u00e7 Para\u015f\u00fct\u00fc \u00c7atalca&#8217;da Maceraya Haz\u0131rm\u0131s\u0131n.! \u00c7ATALCA ORMANLI\u2019DA YAMA\u00c7 PARA\u015e\u00dcT\u00dc HEMEN B\u0130LET AL ORMANLI YAMA\u00c7 PARA\u015e\u00dcT\u00dc \u0130stanbul&#8217;un hemen yan\u0131 ba\u015f\u0131ndaki do\u011fal bir cennet&#8230; LIRE LA SUITE \u0130stanbul Yama\u00e7 Para\u015f\u00fct\u00fc \u00d6zg\u00fcrl\u00fcg\u00fc Ke\u015ffetmeye Haz\u0131rm\u0131s\u0131n \u00c7atalca Ormanl\u0131 ve Tekirda\u011f U\u00e7makdere&#8217;de profesyonel pilotlar e\u015fli\u011finde, e\u011fitimsiz ve g\u00fcvenli tandem yama\u00e7 para\u015f\u00fct\u00fc deneyimi. HEMEN B\u0130LET&#8230; LIRE LA SUITE Kimler Yama\u00e7 Para\u015f\u00fct\u00fc Yapamaz.? Yama\u00e7 Para\u015f\u00fct\u00fc Kilo Ve Ya\u015f S\u0131n\u0131r\u0131. Yama\u00e7 para\u015f\u00fct\u00fc, do\u011fayla i\u00e7 i\u00e7e, heyecan verici ve bir o kadar da \u00f6zg\u00fcrl\u00fck hissi ya\u015fatan bir hava sporudur. Ancak her&#8230; LIRE LA SUITE K\u0131\u015f\u0131n U\u00e7u\u015f Yap\u0131l\u0131yormu.? Yama\u00e7 Para\u015f\u00fct\u00fc Sezonu.! Yama\u00e7 para\u015f\u00fct\u00fc denildi\u011finde genellikle yaz aylar\u0131 akla gelir. Ancak bu spor, do\u011fru hava ko\u015fullar\u0131 sa\u011fland\u0131\u011f\u0131nda y\u0131l\u0131n her d\u00f6neminde yap\u0131labilir. Peki&#8230; LIRE LA SUITE \u00d6l\u00fcdeniz Yama\u00e7 Para\u015f\u00fct\u00fc Cenneti \u00d6l\u00fcdeniz Yama\u00e7 Para\u015f\u00fct\u00fc Cenneti BLOG Lorem Ipsum\u00a0is simply dumy text of the printing typesetting industry lorem ipsum. \u00d6l\u00fcdeniz Yama\u00e7 Para\u015f\u00fct\u00fc&#8230; LIRE LA SUITE \u015eark\u00f6y M\u00fcrefte Kamping Tekirda\u011f\u2019\u0131n \u015eark\u00f6y il\u00e7esine ba\u011fl\u0131 M\u00fcrefte b\u00f6lgesinde yer alan M\u00fcrefte Camping, kamp ve karavan tatili yapmak isteyenler i\u00e7in farkl\u0131 konaklama se\u00e7enekleri&#8230; LIRE LA SUITE Tekirda\u011f Dut Liman\u0131 Koyu Dut Liman\u0131 Koyu, Tekirda\u011f\u2019\u0131n S\u00fcleymanpa\u015fa il\u00e7esine ba\u011fl\u0131 Kumbag\u00a0s\u0131n\u0131rlar\u0131 i\u00e7erisinde yer al\u0131r. Marmara Denizi\u2019ne bakan koy, \u00e7evresini saran y\u00fcksek yama\u00e7lar sayesinde&#8230; LIRE LA SUITE Tekirda\u011f U\u00e7makdere Yama\u00e7 Para\u015f\u00fct\u00fc Egitimi G\u00f6ky\u00fcz\u00fcne a\u00e7\u0131lan ilk kap\u0131n\u0131z: G\u00fcvenli, profesyonel ve heyecan dolu bir e\u011fitim s\u00fcreci Yama\u00e7 para\u015f\u00fct\u00fc ile g\u00f6ky\u00fcz\u00fcne a\u00e7\u0131lmak, bir\u00e7ok do\u011fa ve&#8230; LIRE LA SUITE Tekirda\u011f U\u00e7makdere&#8217;de Atv Safari Turlar\u0131 GANOSLARDA ATV TURU Macera Dolu Bir Deneyim HEMEN B\u0130LET AL U\u00e7makdere ATV Turu Do\u011fayla Adrenalin Dolu Bir Yolculuk Mod Extrem&#8230; LIRE LA SUITE Tekirda\u011f\u2019da Gezilecek Yerler \u2013 En Pop\u00fcler 18 Yer Tekirda\u011f, hem Marmara Denizi hem de Karadeniz\u2019e k\u0131y\u0131s\u0131 olan e\u015fsiz bir \u015fehir. Do\u011fal g\u00fczellikleri, tarihi yap\u0131lar\u0131, sahilleri, lezzetli yemekleri ve&#8230; LIRE LA SUITE T\u00fcrkiye&#8217;de Yama\u00e7 Para\u015f\u00fct\u00fc Yap\u0131lan Yerler | T\u00fcrkiye Yama\u00e7 Para\u015f\u00fct\u00fc T\u00fcrkiye e\u015fsiz co\u011frafyas\u0131 ve iklim ko\u015fullar\u0131yla yama\u00e7 para\u015f\u00fct\u00fc tutkunlar\u0131 i\u00e7in d\u00fcnyan\u0131n en pop\u00fcler destinasyonlar\u0131ndan biri. Profesyonel pilotlar e\u015fli\u011finde unutulmaz deneyimler&#8230; LIRE LA SUITE U\u00e7makdere Atv Safari Fiyatlar\u0131 2025 U\u00e7makdere Atv Safari Fiyatlar\u0131 2025 BLOG Lorem Ipsum\u00a0is simply dumy text of the printing typesetting industry lorem ipsum. U\u00e7makdere ATV&#8230; LIRE LA SUITE U\u00e7makdere Avdimio Otel Tekirda\u011f\u2019\u0131n do\u011fas\u0131yla \u00f6ne \u00e7\u0131kan yerle\u015fimlerinden biri olan U\u00e7makdere, sakin atmosferi, deniz ve orman manzaras\u0131yla \u00f6zellikle hafta sonu ka\u00e7amaklar\u0131n\u0131n g\u00f6zde rotalar\u0131ndan&#8230; LIRE LA SUITE U\u00e7makdere Hava Durumu: U\u00e7u\u015f \u0130\u00e7in En Uygun R\u00fczgar Hangi Y\u00f6nden Esmeli? U\u00e7makdere, T\u00fcrkiye\u2019nin Marmara B\u00f6lgesi\u2019nde, Tekirda\u011f il s\u0131n\u0131rlar\u0131 i\u00e7erisinde yer alan ve yama\u00e7 para\u015f\u00fct\u00fc i\u00e7in elveri\u015fli yap\u0131s\u0131yla \u00f6ne \u00e7\u0131kan bir b\u00f6lgedir&#8230;. LIRE LA SUITE U\u00e7makdere Konaklama Ve Kamp Yama\u00e7 para\u015f\u00fct\u00fc, do\u011fa ve kamp severler i\u00e7in konforlu \u00f6neriler U\u00e7makdere, yaln\u0131zca yama\u00e7 para\u015f\u00fct\u00fcyle de\u011fil, do\u011fal yap\u0131s\u0131, denizi ve sessiz atmosferiyle&#8230; LIRE LA SUITE U\u00e7makdere K\u00f6y\u00fc Tekirda\u011f\u2019\u0131n \u015eark\u00f6y il\u00e7esine ba\u011fl\u0131, Marmara Denizi k\u0131y\u0131s\u0131nda sakl\u0131 bir cennet: U\u00e7makdere K\u00f6y\u00fc. Tarihi ge\u00e7mi\u015fi, do\u011fal g\u00fczellikleri, efsane manzaralar\u0131 ve son&#8230; LIRE LA SUITE U\u00e7makdere Yama\u00e7 Para\u015f\u00fct\u00fc Fiyatlar\u0131 2026 Do\u011fa, \u00f6zg\u00fcrl\u00fck ve adrenalin: En g\u00fcncel fiyatlar ve u\u00e7u\u015f detaylar\u0131 burada! Tekirda\u011f\u2019\u0131n Ganos Da\u011flar\u0131 eteklerinde, Marmara Denizi manzaras\u0131 e\u015fli\u011finde unutulmaz&#8230; LIRE LA SUITE U\u00e7makdere Yama\u00e7 Para\u015f\u00fct\u00fc Turlar\u0131 Mod Extrem olarak, U\u00e7makdere\u2019de do\u011frudan yama\u00e7 para\u015f\u00fct\u00fc turu d\u00fczenlemiyoruz. Ancak U\u00e7makdere\u2019ye ula\u015f\u0131m konusunda destek arayan misafirlerimiz i\u00e7in, anla\u015fmal\u0131 oldu\u011fumuz ula\u015f\u0131m&#8230; LIRE LA SUITE U\u00e7makdere&#8217;de Hangi Pisti Tavsiye Ediyoruz.? U\u00e7makdere, yama\u00e7 para\u015f\u00fct\u00fc i\u00e7in T\u00fcrkiye\u2019nin en pop\u00fcler u\u00e7u\u015f b\u00f6lgelerinden biridir. Burada farkl\u0131 y\u00fcksekliklere sahip iki ana pist bulunur: 250 metre&#8230; LIRE LA SUITE U\u00e7makdere&#8217;de Yama\u00e7 Para\u015f\u00fct\u00fc Hizmeti Veren Firmalar Tekirda\u011f U\u00e7makdere, T\u00fcrkiye\u2019nin yama\u00e7 para\u015f\u00fct\u00fc tutkunlar\u0131 i\u00e7in en pop\u00fcler lokasyonlar\u0131ndan biridir. Muhte\u015fem Ganos Da\u011flar\u0131, Marmara Denizi manzaras\u0131 ve u\u00e7u\u015fa elveri\u015fli&#8230; LIRE LA SUITE U\u00e7makdere\u2019de \u0130lk Kez Yama\u00e7 Para\u015f\u00fct\u00fc Yapacaklar \u0130\u00e7in Bilmeniz Gereken Her \u015eey U\u00e7makdere, T\u00fcrkiye\u2019de yama\u00e7 para\u015f\u00fct\u00fc denildi\u011finde akla gelen en pop\u00fcler lokasyonlardan biri. \u0130stanbul\u2019a yak\u0131nl\u0131\u011f\u0131, manzaras\u0131 ve r\u00fczg\u00e2r yap\u0131s\u0131 sayesinde hem ilk&#8230; LIRE LA SUITE U\u00e7makderede Denize Giriliyormu Evet, U\u00e7makdere yaln\u0131zca yama\u00e7 para\u015f\u00fct\u00fc i\u00e7in de\u011fil, ayn\u0131 zamanda do\u011fal ve temiz sahiliyle denize girmek i\u00e7in de olduk\u00e7a uygundur. \u00d6zellikle&#8230; LIRE LA SUITE U\u00e7makdereye Ula\u015f\u0131m Yol Tarifi Minib\u00fcs Saatleri U\u00e7makdere\u2019de yama\u00e7 para\u015f\u00fct\u00fc yapmak isteyen misafirlerimiz i\u00e7in ula\u015f\u0131m olduk\u00e7a kolayd\u0131r. \u0130ster kendi arac\u0131n\u0131zla gelin, ister toplu ta\u015f\u0131ma kullan\u0131n; a\u015fa\u011f\u0131da t\u00fcm&#8230; LIRE LA SUITE Yama\u00e7 Para\u015f\u00fct\u00fc Aktif Pilotaj Yama\u00e7 para\u015f\u00fct\u00fc, \u00f6zg\u00fcrl\u00fc\u011f\u00fc ve adrenalini bir araya getiren e\u015fsiz bir spor dal\u0131d\u0131r. Ancak bu sporu g\u00fcvenli ve kontroll\u00fc \u015fekilde icra&#8230; LIRE LA SUITE Yama\u00e7 Para\u015f\u00fct\u00fc G\u00fcvenlimidir.? Y\u00fckseklik Korkum Var U\u00e7u\u015f Yapabilirmiyim.? Yama\u00e7 para\u015f\u00fct\u00fc, g\u00f6ky\u00fcz\u00fcne s\u00fcz\u00fclerek e\u015fsiz bir manzara e\u015fli\u011finde adrenalin ya\u015famak isteyenlerin ilk tercihleri aras\u0131nda yer al\u0131yor. Ancak bu deneyimi ya\u015famak&#8230; LIRE LA SUITE Yama\u00e7 Para\u015f\u00fct\u00fc Nedir.? Nas\u0131l Yap\u0131l\u0131r.? Yama\u00e7 para\u015f\u00fct\u00fc, do\u011fayla i\u00e7 i\u00e7e ve adrenalin dolu bir hava sporudur. U\u00e7makdere gibi y\u00fcksek tepelerden ko\u015farak kalk\u0131\u015f yap\u0131lan bu spor,&#8230; LIRE LA SUITE Yama\u00e7 Para\u015f\u00fct\u00fc S\u0131v E\u011fitimi Yama\u00e7 para\u015f\u00fct\u00fc, \u00f6zg\u00fcrl\u00fc\u011f\u00fcn ve adrenalinin zirvesine ula\u015fmak isteyenler i\u00e7in e\u015fsiz bir deneyim sunar. Bu sporu ileri seviyeye ta\u015f\u0131mak ve g\u00fcvenli&#8230; LIRE LA SUITE Yama\u00e7 Para\u015f\u00fct\u00fcnde Kalk\u0131\u015f Ve \u0130ni\u015f Nas\u0131l Yap\u0131l\u0131r. Yama\u00e7 para\u015f\u00fct\u00fc yapmay\u0131 d\u00fc\u015f\u00fcnenlerin en \u00e7ok merak etti\u011fi konulardan biri de kalk\u0131\u015f ve ini\u015f s\u00fcrecidir. \u201cKo\u015fmak zor mu?\u201d, \u201c\u0130ni\u015f sert&#8230; LIRE LA SUITE Yama\u00e7 Para\u015f\u00fct\u00fcnde Termik U\u00e7u\u015fu Nedir. Termaller, g\u00fcne\u015f \u0131\u015f\u0131nlar\u0131n\u0131n yery\u00fcz\u00fcn\u00fc \u0131s\u0131tmas\u0131 sonucu olu\u015fan y\u00fckselen hava s\u00fctunlar\u0131d\u0131r. Bu s\u0131cak hava k\u00fctleleri, \u00f6zellikle a\u00e7\u0131k alanlarda y\u00fckselerek yama\u00e7 para\u015f\u00fct\u00e7\u00fclerinin&#8230; LIRE LA SUITE<\/p>\n","protected":false},"author":3,"featured_media":0,"parent":0,"menu_order":0,"comment_status":"closed","ping_status":"closed","template":"","meta":{"site-sidebar-layout":"no-sidebar","site-content-layout":"","ast-site-content-layout":"full-width-container","site-content-style":"default","site-sidebar-style":"default","ast-global-header-display":"","ast-banner-title-visibility":"","ast-main-header-display":"","ast-hfb-above-header-display":"","ast-hfb-below-header-display":"","ast-hfb-mobile-header-display":"","site-post-title":"disabled","ast-breadcrumbs-content":"","ast-featured-img":"disabled","footer-sml-layout":"","ast-disable-related-posts":"","theme-transparent-header-meta":"","adv-header-id-meta":"","stick-header-meta":"","header-above-stick-meta":"","header-main-stick-meta":"","header-below-stick-meta":"","astra-migrate-meta-layouts":"default","ast-page-background-enabled":"default","ast-page-background-meta":{"desktop":{"background-color":"var(--ast-global-color-5)","background-image":"","background-repeat":"repeat","background-position":"center center","background-size":"auto","background-attachment":"scroll","background-type":"","background-media":"","overlay-type":"","overlay-color":"","overlay-opacity":"","overlay-gradient":""},"tablet":{"background-color":"","background-image":"","background-repeat":"repeat","background-position":"center center","background-size":"auto","background-attachment":"scroll","background-type":"","background-media":"","overlay-type":"","overlay-color":"","overlay-opacity":"","overlay-gradient":""},"mobile":{"background-color":"","background-image":"","background-repeat":"repeat","background-position":"center center","background-size":"auto","background-attachment":"scroll","background-type":"","background-media":"","overlay-type":"","overlay-color":"","overlay-opacity":"","overlay-gradient":""}},"ast-content-background-meta":{"desktop":{"background-color":"var(--ast-global-color-4)","background-image":"","background-repeat":"repeat","background-position":"center center","background-size":"auto","background-attachment":"scroll","background-type":"","background-media":"","overlay-type":"","overlay-color":"","overlay-opacity":"","overlay-gradient":""},"tablet":{"background-color":"var(--ast-global-color-4)","background-image":"","background-repeat":"repeat","background-position":"center center","background-size":"auto","background-attachment":"scroll","background-type":"","background-media":"","overlay-type":"","overlay-color":"","overlay-opacity":"","overlay-gradient":""},"mobile":{"background-color":"var(--ast-global-color-4)","background-image":"","background-repeat":"repeat","background-position":"center center","background-size":"auto","background-attachment":"scroll","background-type":"","background-media":"","overlay-type":"","overlay-color":"","overlay-opacity":"","overlay-gradient":""}},"footnotes":""},"class_list":["post-5318","page","type-page","status-publish","hentry"],"acf":[],"_links":{"self":[{"href":"https:\/\/modextrem.com\/fr\/wp-json\/wp\/v2\/pages\/5318","targetHints":{"allow":["GET"]}}],"collection":[{"href":"https:\/\/modextrem.com\/fr\/wp-json\/wp\/v2\/pages"}],"about":[{"href":"https:\/\/modextrem.com\/fr\/wp-json\/wp\/v2\/types\/page"}],"author":[{"embeddable":true,"href":"https:\/\/modextrem.com\/fr\/wp-json\/wp\/v2\/users\/3"}],"replies":[{"embeddable":true,"href":"https:\/\/modextrem.com\/fr\/wp-json\/wp\/v2\/comments?post=5318"}],"version-history":[{"count":0,"href":"https:\/\/modextrem.com\/fr\/wp-json\/wp\/v2\/pages\/5318\/revisions"}],"wp:attachment":[{"href":"https:\/\/modextrem.com\/fr\/wp-json\/wp\/v2\/media?parent=5318"}],"curies":[{"name":"wp","href":"https:\/\/api.w.org\/{rel}","templated":true}]}}